{"id":11005,"date":"2026-03-13T13:46:32","date_gmt":"2026-03-13T12:46:32","guid":{"rendered":"https:\/\/aguilas.es\/botanischer-miniaturgarten\/"},"modified":"2026-03-26T14:51:33","modified_gmt":"2026-03-26T13:51:33","slug":"botanischer-miniaturgarten","status":"publish","type":"page","link":"https:\/\/aguilas.es\/de\/botanischer-miniaturgarten\/","title":{"rendered":"Botanischer Miniaturgarten"},"content":{"rendered":"\t\t<div data-elementor-type=\"wp-page\" data-elementor-id=\"11005\" class=\"elementor elementor-11005 elementor-10911\">\n\t\t\t\t<div class=\"porto_stretch_css stretch_row_css elementor-element elementor-element-509ca4ec e-flex e-con-boxed e-con e-parent\" data-id=\"509ca4ec\" data-element_type=\"container\" data-settings=\"{&quot;background_background&quot;:&quot;classic&quot;}\">\r\n\t\t\t\t\t<div class=\"e-con-inner\">\r\n\t\t<div class=\"elementor-element elementor-element-3b488913 e-con-full e-flex e-con e-child\" data-id=\"3b488913\" data-element_type=\"container\">\r\n\t\t\t\t<div class=\"elementor-element elementor-element-8257cbb elementor-widget elementor-widget-porto_ultimate_heading\" data-id=\"8257cbb\" data-element_type=\"widget\" data-widget_type=\"porto_ultimate_heading.default\">\n\t\t\t\t<div class=\"elementor-widget-container\">\n\t\t\t\t\t<div class=\"porto-u-heading  porto-u-ad87e2eaf3f9c495180fe0156ddf3eb0\"><div class=\"porto-u-sub-heading\" style=\"\"><p>Die Gr\u00f6\u00dfe der Natur im Miniaturformat<\/p><\/div><style>.porto-u-ad87e2eaf3f9c495180fe0156ddf3eb0.porto-u-heading{text-align:left}<\/style><\/div>\t\t\t\t<\/div>\n\t\t\t\t<\/div>\n\t\t\t\t<div class=\"elementor-element elementor-element-12d3f250 elementor-widget elementor-widget-porto_page_header\" data-id=\"12d3f250\" data-element_type=\"widget\" data-widget_type=\"porto_page_header.default\">\n\t\t\t\t<div class=\"elementor-widget-container\">\n\t\t\t\t\t<div class=\"page-top page-header-6\"><style>.page-top { background: none; border-bottom: none; } .page-top .page-title:not(.b-none):after { display: none; }<\/style><div class=\"container hide-title\">\r\n\t<div class=\"row\">\r\n\t\t<div class=\"col-lg-12 clearfix\">\r\n\t\t\t<div class=\"pt-right d-none\">\r\n\t\t\t\t\t\t\t\t<h1 class=\"page-title\"><\/h1>\r\n\t\t\t\t\t\t\t<\/div>\r\n\t\t\t\t\t\t\t<div class=\"breadcrumbs-wrap pt-left\">\r\n\t\t\t\t\t<ul class=\"breadcrumb\" itemscope itemtype=\"https:\/\/schema.org\/BreadcrumbList\"><li class=\"home\" itemprop=\"itemListElement\" itemscope itemtype=\"https:\/\/schema.org\/ListItem\"><a itemprop=\"item\" href=\"https:\/\/aguilas.es\/de\/\" title=\"Go to Home Page\"><span itemprop=\"name\">Home<\/span><\/a><meta itemprop=\"position\" content=\"1\" \/><i class=\"delimiter delimiter-2\"><\/i><\/li><\/ul>\t\t\t\t<\/div>\r\n\t\t\t\t\t\t\t\t<\/div>\r\n\t<\/div>\r\n<\/div>\r\n<\/div>\t\t\t\t<\/div>\n\t\t\t\t<\/div>\n\t\t\t\t<\/div>\n\t\t\t\t\t<\/div>\n\t\t\t\t<\/div>\n\t\t<div class=\"elementor-element elementor-element-3485be57 e-flex e-con-boxed e-con e-parent\" data-id=\"3485be57\" data-element_type=\"container\">\r\n\t\t\t\t\t<div class=\"e-con-inner\">\r\n\t\t\t\t<div class=\"elementor-element elementor-element-1485376e elementor-widget elementor-widget-text-editor\" data-id=\"1485376e\" data-element_type=\"widget\" data-widget_type=\"text-editor.default\">\n\t\t\t\t<div class=\"elementor-widget-container\">\n\t\t\t\t\t\t\t\t\t<p>La Glorieta ist seit vielen Jahren ein Ort der Erholung und zum Spazierengehen \u2013 sowohl f\u00fcr die Einwohner von \u00c1guilas als auch f\u00fcr Besucher des Ortes. Ihr sch\u00f6ner Garten, ein Erbe der verschiedenen Projekte und Umgestaltungen vergangener Jahrhunderte, verleiht dem Platz ein nat\u00fcrliches Erscheinungsbild, das ihn ohne Zweifel bereichert und kulturell wie gesellschaftlich versch\u00f6nert.<br>Besonders hervorzuheben sind aufgrund ihrer Gr\u00f6\u00dfe und Langlebigkeit die paarweise gepflanzten Ficus an den vier Ecken der Glorieta. Die Ficus im Norden des Platzes sind Ficus macrophylla, die den Titel \u201eHundertj\u00e4hrige\u201c tragen, da sie um das Jahr 1915 gepflanzt wurden. Die Ficus im S\u00fcden des Platzes hingegen sind Ficus elastica; sie wurden zwischen 1939\u20131940 gepflanzt.   <\/p><p>Ihr botanischer Wert beschr\u00e4nkt sich jedoch nicht ausschlie\u00dflich auf die auff\u00e4lligen Ficus, denn dieser Garten beherbergt eine gro\u00dfe Vielfalt an Pflanzenarten, die dem Platz eine sehr einzigartige und charakteristische Landschaft verleihen. Tats\u00e4chlich sind die hundertj\u00e4hrigen Ficus \u2013 sehr zur \u00dcberraschung vieler \u2013 nicht die \u00e4ltesten Exemplare dieses Platzes. Vielmehr bewahren wir wahrscheinlich als \u00dcberrest der ersten oder zweiten Bepflanzung der Glorieta die beiden Araukarien \u2013 Exemplare, die bereits in beachtlichem Alter waren und die hundertj\u00e4hrigen Ficus wachsen sahen. Unter \u00e4hnlichen Bedingungen k\u00f6nnte sich auch die Kanarische Kiefer befinden, die zusammen mit den Araukarien die drei \u00e4ltesten Exemplare der Glorieta w\u00e4ren.  <\/p>\t\t\t\t\t\t\t\t<\/div>\n\t\t\t\t<\/div>\n\t\t\t\t\t<\/div>\n\t\t\t\t<\/div>\n\t\t<div class=\"elementor-element elementor-element-6f5b1244 e-flex e-con-boxed e-con e-parent\" data-id=\"6f5b1244\" data-element_type=\"container\">\r\n\t\t\t\t\t<div class=\"e-con-inner\">\r\n\t\t\t\t<div class=\"elementor-element elementor-element-6dd16ee0 elemento-titulo-con-subtitulo elementor-widget elementor-widget-porto_ultimate_heading\" data-id=\"6dd16ee0\" data-element_type=\"widget\" data-widget_type=\"porto_ultimate_heading.default\">\n\t\t\t\t<div class=\"elementor-widget-container\">\n\t\t\t\t\t<div class=\"porto-u-heading  porto-u-55ca8359258f9a412be7e73af65d2aac\"><div class=\"porto-u-main-heading\"><h2   >Ein Spaziergang durch La Glorieta<\/h2><\/div><div class=\"porto-u-sub-heading\" style=\"\"><p>Kleiner Garten, gro\u00dfer Charme<\/p><\/div><style>.porto-u-55ca8359258f9a412be7e73af65d2aac.porto-u-heading{text-align:center}<\/style><\/div>\t\t\t\t<\/div>\n\t\t\t\t<\/div>\n\t\t\t\t<div class=\"elementor-element elementor-element-1c1b5ec1 elementor-widget elementor-widget-shortcode\" data-id=\"1c1b5ec1\" data-element_type=\"widget\" data-widget_type=\"shortcode.default\">\n\t\t\t\t<div class=\"elementor-widget-container\">\n\t\t\t\t\t\t\t<div class=\"elementor-shortcode\">    <div class=\"aguilas-shortcode-loader\" id=\"aguilas-lista-web-69f2e1c3c2c49\"\r\n        data-tipo=\"lista-web\"  data-id-lista=\"1\"  data-items=\"6\"  data-filtros=\"0\" >\r\n        <div class=\"aguilas-loader\">\r\n            <div class=\"aguilas-spinner\"><\/div>\r\n            <p>Laden...<\/p>\r\n        <\/div>\r\n    <\/div>\r\n    <\/div>\n\t\t\t\t\t\t<\/div>\n\t\t\t\t<\/div>\n\t\t\t\t\t<\/div>\n\t\t\t\t<\/div>\n\t\t<div class=\"elementor-element elementor-element-40c81bf0 e-flex e-con-boxed e-con e-parent\" data-id=\"40c81bf0\" data-element_type=\"container\">\r\n\t\t\t\t\t<div class=\"e-con-inner\">\r\n\t\t\t\t<div class=\"elementor-element elementor-element-7c917f4 elemento-titulo-con-subtitulo elementor-widget elementor-widget-porto_ultimate_heading\" data-id=\"7c917f4\" data-element_type=\"widget\" data-widget_type=\"porto_ultimate_heading.default\">\n\t\t\t\t<div class=\"elementor-widget-container\">\n\t\t\t\t\t<div class=\"porto-u-heading  porto-u-55ca8359258f9a412be7e73af65d2aac\"><div class=\"porto-u-main-heading\"><h2   >Entdecken<\/h2><\/div><div class=\"porto-u-sub-heading\" style=\"\"><p>Erg\u00e4nzen Sie Ihre Reise mit anderen interessanten Aktivit\u00e4ten<\/p><\/div><style>.porto-u-55ca8359258f9a412be7e73af65d2aac.porto-u-heading{text-align:center}<\/style><\/div>\t\t\t\t<\/div>\n\t\t\t\t<\/div>\n\t\t\t\t<div class=\"elementor-element elementor-element-6a920eca elementor-widget elementor-widget-shortcode\" data-id=\"6a920eca\" data-element_type=\"widget\" data-widget_type=\"shortcode.default\">\n\t\t\t\t<div class=\"elementor-widget-container\">\n\t\t\t\t\t\t\t<div class=\"elementor-shortcode\">    <div class=\"aguilas-shortcode-loader\" id=\"aguilas-lista-web-69f2e1c3c2f45\"\r\n        data-tipo=\"lista-web\"  data-id-lista=\"16\"  data-items=\"6\"  data-filtros=\"0\" >\r\n        <div class=\"aguilas-loader\">\r\n            <div class=\"aguilas-spinner\"><\/div>\r\n            <p>Laden...<\/p>\r\n        <\/div>\r\n    <\/div>\r\n    <\/div>\n\t\t\t\t\t\t<\/div>\n\t\t\t\t<\/div>\n\t\t\t\t\t<\/div>\n\t\t\t\t<\/div>\n\t\t\t\t<\/div>\n\t\t","protected":false},"excerpt":{"rendered":"<p>Die Gr\u00f6\u00dfe der Natur im Miniaturformat Home La Glorieta ist seit vielen Jahren ein Ort der Erholung und zum Spazierengehen \u2013 sowohl f\u00fcr die Einwohner von \u00c1guilas als auch f\u00fcr Besucher des Ortes. Ihr sch\u00f6ner Garten, ein Erbe der verschiedenen Projekte und Umgestaltungen vergangener Jahrhunderte, verleiht dem Platz ein nat\u00fcrliches Erscheinungsbild, das ihn ohne Zweifel [&hellip;]<\/p>\n","protected":false},"author":3,"featured_media":11004,"parent":0,"menu_order":0,"comment_status":"closed","ping_status":"closed","template":"","meta":{"footnotes":""},"class_list":["post-11005","page","type-page","status-publish","has-post-thumbnail","hentry"],"yoast_head":"<!-- This site is optimized with the Yoast SEO plugin v26.6 - https:\/\/yoast.com\/wordpress\/plugins\/seo\/ -->\n<title>\u00c1guilas Turismo | Botanischer Miniaturgarten<\/title>\n<meta name=\"robots\" content=\"index, follow, max-snippet:-1, max-image-preview:large, max-video-preview:-1\" \/>\n<link rel=\"canonical\" href=\"https:\/\/aguilas.es\/de\/botanischer-miniaturgarten\/\" \/>\n<meta property=\"og:locale\" content=\"de_DE\" \/>\n<meta property=\"og:type\" content=\"article\" \/>\n<meta property=\"og:title\" content=\"\u00c1guilas Turismo | Botanischer Miniaturgarten\" \/>\n<meta property=\"og:description\" content=\"Die Gr\u00f6\u00dfe der Natur im Miniaturformat Home La Glorieta ist seit vielen Jahren ein Ort der Erholung und zum Spazierengehen \u2013 sowohl f\u00fcr die Einwohner von \u00c1guilas als auch f\u00fcr Besucher des Ortes. Ihr sch\u00f6ner Garten, ein Erbe der verschiedenen Projekte und Umgestaltungen vergangener Jahrhunderte, verleiht dem Platz ein nat\u00fcrliches Erscheinungsbild, das ihn ohne Zweifel [&hellip;]\" \/>\n<meta property=\"og:url\" content=\"https:\/\/aguilas.es\/de\/botanischer-miniaturgarten\/\" \/>\n<meta property=\"og:site_name\" content=\"\u00c1guilas Turismo\" \/>\n<meta property=\"article:modified_time\" content=\"2026-03-26T13:51:33+00:00\" \/>\n<meta property=\"og:image\" content=\"https:\/\/aguilas.es\/wp-content\/uploads\/2026\/03\/alateasocialmedia_oficinaturismo-ciudad-000051.jpg\" \/>\n\t<meta property=\"og:image:width\" content=\"1920\" \/>\n\t<meta property=\"og:image:height\" content=\"1440\" \/>\n\t<meta property=\"og:image:type\" content=\"image\/jpeg\" \/>\n<meta name=\"twitter:card\" content=\"summary_large_image\" \/>\n<meta name=\"twitter:label1\" content=\"Gesch\u00e4tzte Lesezeit\" \/>\n\t<meta name=\"twitter:data1\" content=\"1\u00a0Minute\" \/>\n<script type=\"application\/ld+json\" class=\"yoast-schema-graph\">{\"@context\":\"https:\/\/schema.org\",\"@graph\":[{\"@type\":\"WebPage\",\"@id\":\"https:\/\/aguilas.es\/de\/botanischer-miniaturgarten\/\",\"url\":\"https:\/\/aguilas.es\/de\/botanischer-miniaturgarten\/\",\"name\":\"\u00c1guilas Turismo | Botanischer Miniaturgarten\",\"isPartOf\":{\"@id\":\"https:\/\/aguilas.es\/de\/#website\"},\"primaryImageOfPage\":{\"@id\":\"https:\/\/aguilas.es\/de\/botanischer-miniaturgarten\/#primaryimage\"},\"image\":{\"@id\":\"https:\/\/aguilas.es\/de\/botanischer-miniaturgarten\/#primaryimage\"},\"thumbnailUrl\":\"https:\/\/aguilas.es\/wp-content\/uploads\/2026\/03\/alateasocialmedia_oficinaturismo-ciudad-000051.jpg\",\"datePublished\":\"2026-03-13T12:46:32+00:00\",\"dateModified\":\"2026-03-26T13:51:33+00:00\",\"breadcrumb\":{\"@id\":\"https:\/\/aguilas.es\/de\/botanischer-miniaturgarten\/#breadcrumb\"},\"inLanguage\":\"de\",\"potentialAction\":[{\"@type\":\"ReadAction\",\"target\":[\"https:\/\/aguilas.es\/de\/botanischer-miniaturgarten\/\"]}]},{\"@type\":\"ImageObject\",\"inLanguage\":\"de\",\"@id\":\"https:\/\/aguilas.es\/de\/botanischer-miniaturgarten\/#primaryimage\",\"url\":\"https:\/\/aguilas.es\/wp-content\/uploads\/2026\/03\/alateasocialmedia_oficinaturismo-ciudad-000051.jpg\",\"contentUrl\":\"https:\/\/aguilas.es\/wp-content\/uploads\/2026\/03\/alateasocialmedia_oficinaturismo-ciudad-000051.jpg\",\"width\":1920,\"height\":1440},{\"@type\":\"BreadcrumbList\",\"@id\":\"https:\/\/aguilas.es\/de\/botanischer-miniaturgarten\/#breadcrumb\",\"itemListElement\":[{\"@type\":\"ListItem\",\"position\":1,\"name\":\"Portada\",\"item\":\"https:\/\/aguilas.es\/de\/startseite\/\"},{\"@type\":\"ListItem\",\"position\":2,\"name\":\"Botanischer Miniaturgarten\"}]},{\"@type\":\"WebSite\",\"@id\":\"https:\/\/aguilas.es\/de\/#website\",\"url\":\"https:\/\/aguilas.es\/de\/\",\"name\":\"\u00c1guilas Turismo\",\"description\":\"\",\"publisher\":{\"@id\":\"https:\/\/aguilas.es\/de\/#organization\"},\"potentialAction\":[{\"@type\":\"SearchAction\",\"target\":{\"@type\":\"EntryPoint\",\"urlTemplate\":\"https:\/\/aguilas.es\/de\/?s={search_term_string}\"},\"query-input\":{\"@type\":\"PropertyValueSpecification\",\"valueRequired\":true,\"valueName\":\"search_term_string\"}}],\"inLanguage\":\"de\"},{\"@type\":\"Organization\",\"@id\":\"https:\/\/aguilas.es\/de\/#organization\",\"name\":\"\u00c1guilas Turismo\",\"url\":\"https:\/\/aguilas.es\/de\/\",\"logo\":{\"@type\":\"ImageObject\",\"inLanguage\":\"de\",\"@id\":\"https:\/\/aguilas.es\/de\/#\/schema\/logo\/image\/\",\"url\":\"https:\/\/aguilas.es\/wp-content\/uploads\/2025\/04\/Logo-Aguilas-turismo.png\",\"contentUrl\":\"https:\/\/aguilas.es\/wp-content\/uploads\/2025\/04\/Logo-Aguilas-turismo.png\",\"width\":575,\"height\":229,\"caption\":\"\u00c1guilas Turismo\"},\"image\":{\"@id\":\"https:\/\/aguilas.es\/de\/#\/schema\/logo\/image\/\"}}]}<\/script>\n<!-- \/ Yoast SEO plugin. -->","yoast_head_json":{"title":"\u00c1guilas Turismo | Botanischer Miniaturgarten","robots":{"index":"index","follow":"follow","max-snippet":"max-snippet:-1","max-image-preview":"max-image-preview:large","max-video-preview":"max-video-preview:-1"},"canonical":"https:\/\/aguilas.es\/de\/botanischer-miniaturgarten\/","og_locale":"de_DE","og_type":"article","og_title":"\u00c1guilas Turismo | Botanischer Miniaturgarten","og_description":"Die Gr\u00f6\u00dfe der Natur im Miniaturformat Home La Glorieta ist seit vielen Jahren ein Ort der Erholung und zum Spazierengehen \u2013 sowohl f\u00fcr die Einwohner von \u00c1guilas als auch f\u00fcr Besucher des Ortes. Ihr sch\u00f6ner Garten, ein Erbe der verschiedenen Projekte und Umgestaltungen vergangener Jahrhunderte, verleiht dem Platz ein nat\u00fcrliches Erscheinungsbild, das ihn ohne Zweifel [&hellip;]","og_url":"https:\/\/aguilas.es\/de\/botanischer-miniaturgarten\/","og_site_name":"\u00c1guilas Turismo","article_modified_time":"2026-03-26T13:51:33+00:00","og_image":[{"width":1920,"height":1440,"url":"https:\/\/aguilas.es\/wp-content\/uploads\/2026\/03\/alateasocialmedia_oficinaturismo-ciudad-000051.jpg","type":"image\/jpeg"}],"twitter_card":"summary_large_image","twitter_misc":{"Gesch\u00e4tzte Lesezeit":"1\u00a0Minute"},"schema":{"@context":"https:\/\/schema.org","@graph":[{"@type":"WebPage","@id":"https:\/\/aguilas.es\/de\/botanischer-miniaturgarten\/","url":"https:\/\/aguilas.es\/de\/botanischer-miniaturgarten\/","name":"\u00c1guilas Turismo | Botanischer Miniaturgarten","isPartOf":{"@id":"https:\/\/aguilas.es\/de\/#website"},"primaryImageOfPage":{"@id":"https:\/\/aguilas.es\/de\/botanischer-miniaturgarten\/#primaryimage"},"image":{"@id":"https:\/\/aguilas.es\/de\/botanischer-miniaturgarten\/#primaryimage"},"thumbnailUrl":"https:\/\/aguilas.es\/wp-content\/uploads\/2026\/03\/alateasocialmedia_oficinaturismo-ciudad-000051.jpg","datePublished":"2026-03-13T12:46:32+00:00","dateModified":"2026-03-26T13:51:33+00:00","breadcrumb":{"@id":"https:\/\/aguilas.es\/de\/botanischer-miniaturgarten\/#breadcrumb"},"inLanguage":"de","potentialAction":[{"@type":"ReadAction","target":["https:\/\/aguilas.es\/de\/botanischer-miniaturgarten\/"]}]},{"@type":"ImageObject","inLanguage":"de","@id":"https:\/\/aguilas.es\/de\/botanischer-miniaturgarten\/#primaryimage","url":"https:\/\/aguilas.es\/wp-content\/uploads\/2026\/03\/alateasocialmedia_oficinaturismo-ciudad-000051.jpg","contentUrl":"https:\/\/aguilas.es\/wp-content\/uploads\/2026\/03\/alateasocialmedia_oficinaturismo-ciudad-000051.jpg","width":1920,"height":1440},{"@type":"BreadcrumbList","@id":"https:\/\/aguilas.es\/de\/botanischer-miniaturgarten\/#breadcrumb","itemListElement":[{"@type":"ListItem","position":1,"name":"Portada","item":"https:\/\/aguilas.es\/de\/startseite\/"},{"@type":"ListItem","position":2,"name":"Botanischer Miniaturgarten"}]},{"@type":"WebSite","@id":"https:\/\/aguilas.es\/de\/#website","url":"https:\/\/aguilas.es\/de\/","name":"\u00c1guilas Turismo","description":"","publisher":{"@id":"https:\/\/aguilas.es\/de\/#organization"},"potentialAction":[{"@type":"SearchAction","target":{"@type":"EntryPoint","urlTemplate":"https:\/\/aguilas.es\/de\/?s={search_term_string}"},"query-input":{"@type":"PropertyValueSpecification","valueRequired":true,"valueName":"search_term_string"}}],"inLanguage":"de"},{"@type":"Organization","@id":"https:\/\/aguilas.es\/de\/#organization","name":"\u00c1guilas Turismo","url":"https:\/\/aguilas.es\/de\/","logo":{"@type":"ImageObject","inLanguage":"de","@id":"https:\/\/aguilas.es\/de\/#\/schema\/logo\/image\/","url":"https:\/\/aguilas.es\/wp-content\/uploads\/2025\/04\/Logo-Aguilas-turismo.png","contentUrl":"https:\/\/aguilas.es\/wp-content\/uploads\/2025\/04\/Logo-Aguilas-turismo.png","width":575,"height":229,"caption":"\u00c1guilas Turismo"},"image":{"@id":"https:\/\/aguilas.es\/de\/#\/schema\/logo\/image\/"}}]}},"_links":{"self":[{"href":"https:\/\/aguilas.es\/de\/wp-json\/wp\/v2\/pages\/11005","targetHints":{"allow":["GET"]}}],"collection":[{"href":"https:\/\/aguilas.es\/de\/wp-json\/wp\/v2\/pages"}],"about":[{"href":"https:\/\/aguilas.es\/de\/wp-json\/wp\/v2\/types\/page"}],"author":[{"embeddable":true,"href":"https:\/\/aguilas.es\/de\/wp-json\/wp\/v2\/users\/3"}],"replies":[{"embeddable":true,"href":"https:\/\/aguilas.es\/de\/wp-json\/wp\/v2\/comments?post=11005"}],"version-history":[{"count":1,"href":"https:\/\/aguilas.es\/de\/wp-json\/wp\/v2\/pages\/11005\/revisions"}],"predecessor-version":[{"id":11006,"href":"https:\/\/aguilas.es\/de\/wp-json\/wp\/v2\/pages\/11005\/revisions\/11006"}],"wp:featuredmedia":[{"embeddable":true,"href":"https:\/\/aguilas.es\/de\/wp-json\/wp\/v2\/media\/11004"}],"wp:attachment":[{"href":"https:\/\/aguilas.es\/de\/wp-json\/wp\/v2\/media?parent=11005"}],"curies":[{"name":"wp","href":"https:\/\/api.w.org\/{rel}","templated":true}]}}