{"id":7822,"date":"2025-10-02T13:55:26","date_gmt":"2025-10-02T11:55:26","guid":{"rendered":"https:\/\/aguilas.es\/erklaerung-zur-barrierefreiheit\/"},"modified":"2025-12-30T14:11:26","modified_gmt":"2025-12-30T13:11:26","slug":"erklaerung-zur-barrierefreiheit","status":"publish","type":"page","link":"https:\/\/aguilas.es\/de\/erklaerung-zur-barrierefreiheit\/","title":{"rendered":"Erkl\u00e4rung zur Barrierefreiheit"},"content":{"rendered":"\t\t<div data-elementor-type=\"wp-page\" data-elementor-id=\"7822\" class=\"elementor elementor-7822 elementor-6493\">\n\t\t\t\t<div class=\"porto_stretch_css stretch_row_css elementor-element elementor-element-cec3abb e-flex e-con-boxed e-con e-parent\" data-id=\"cec3abb\" data-element_type=\"container\" data-settings=\"{&quot;background_background&quot;:&quot;classic&quot;}\">\r\n\t\t\t\t\t<div class=\"e-con-inner\">\r\n\t\t<div class=\"elementor-element elementor-element-3db6fbc4 e-con-full e-flex e-con e-child\" data-id=\"3db6fbc4\" data-element_type=\"container\">\r\n\t\t\t\t<div class=\"elementor-element elementor-element-2cb527bb elementor-widget elementor-widget-porto_ultimate_heading\" data-id=\"2cb527bb\" data-element_type=\"widget\" data-widget_type=\"porto_ultimate_heading.default\">\n\t\t\t\t<div class=\"elementor-widget-container\">\n\t\t\t\t\t<div class=\"porto-u-heading  porto-u-ad87e2eaf3f9c495180fe0156ddf3eb0\"><div class=\"porto-u-sub-heading\" style=\"\"><p>Die Reise, die jeder genie\u00dfen kann<\/p><\/div><style>.porto-u-ad87e2eaf3f9c495180fe0156ddf3eb0.porto-u-heading{text-align:left}<\/style><\/div>\t\t\t\t<\/div>\n\t\t\t\t<\/div>\n\t\t\t\t<div class=\"elementor-element elementor-element-64389e8d elementor-widget elementor-widget-porto_page_header\" data-id=\"64389e8d\" data-element_type=\"widget\" data-widget_type=\"porto_page_header.default\">\n\t\t\t\t<div class=\"elementor-widget-container\">\n\t\t\t\t\t<div class=\"page-top page-header-6\"><style>.page-top { background: none; border-bottom: none; } .page-top .page-title:not(.b-none):after { display: none; }<\/style><div class=\"container hide-title\">\r\n\t<div class=\"row\">\r\n\t\t<div class=\"col-lg-12 clearfix\">\r\n\t\t\t<div class=\"pt-right d-none\">\r\n\t\t\t\t\t\t\t\t<h1 class=\"page-title\"><\/h1>\r\n\t\t\t\t\t\t\t<\/div>\r\n\t\t\t\t\t\t\t<div class=\"breadcrumbs-wrap pt-left\">\r\n\t\t\t\t\t<ul class=\"breadcrumb\" itemscope itemtype=\"https:\/\/schema.org\/BreadcrumbList\"><li class=\"home\" itemprop=\"itemListElement\" itemscope itemtype=\"https:\/\/schema.org\/ListItem\"><a itemprop=\"item\" href=\"https:\/\/aguilas.es\/de\/\" title=\"Go to Home Page\"><span itemprop=\"name\">Home<\/span><\/a><meta itemprop=\"position\" content=\"1\" \/><i class=\"delimiter delimiter-2\"><\/i><\/li><\/ul>\t\t\t\t<\/div>\r\n\t\t\t\t\t\t\t\t<\/div>\r\n\t<\/div>\r\n<\/div>\r\n<\/div>\t\t\t\t<\/div>\n\t\t\t\t<\/div>\n\t\t\t\t<\/div>\n\t\t\t\t\t<\/div>\n\t\t\t\t<\/div>\n\t\t<div class=\"elementor-element elementor-element-3e1515d4 e-flex e-con-boxed e-con e-parent\" data-id=\"3e1515d4\" data-element_type=\"container\">\r\n\t\t\t\t\t<div class=\"e-con-inner\">\r\n\t\t\t\t<div class=\"elementor-element elementor-element-27c8af33 elementor-widget elementor-widget-text-editor\" data-id=\"27c8af33\" data-element_type=\"widget\" data-widget_type=\"text-editor.default\">\n\t\t\t\t<div class=\"elementor-widget-container\">\n\t\t\t\t\t\t\t\t\t<p>Das <strong>Rathaus von \u00c1guilas<\/strong> hat sich verpflichtet, diese Website gem\u00e4\u00df dem K\u00f6niglichen Erlass 1112\/2018 vom 7. September \u00fcber die Barrierefreiheit von Websites und Anwendungen f\u00fcr mobile Ger\u00e4te des \u00f6ffentlichen Sektors zug\u00e4nglich zu machen, wodurch die Richtlinie (EU) 2016\/2102 des Europ\u00e4ischen Parlaments und des Rates umgesetzt wird.<\/p>\n<p>Diese Erkl\u00e4rung zur Barrierefreiheit gilt f\u00fcr das Tourismusportal <strong>https:\/\/aguilas.es<\/strong><\/p>\n<h2>Erf\u00fcllungsgrad<\/h2>\n<p>Diese Website ist <strong>teilweise konform<\/strong> mit dem RD 1112\/2018 vom 7. September aufgrund der Ausnahmen und der fehlenden Konformit\u00e4t der unten aufgef\u00fchrten Aspekte.<\/p>\n<h2>Nicht zug\u00e4ngliche Inhalte<\/h2>\n<p>Die folgenden Inhalte sind aus folgenden Gr\u00fcnden nicht zug\u00e4nglich:<\/p>\n<h3>A. Nichteinhaltung des RD 1112\/2018<\/h3>\n<ul>\n<li>Es kann zu vereinzelten Bearbeitungsfehlern auf einigen Webseiten kommen.<\/li>\n<li>Einige Bilder haben m\u00f6glicherweise keine geeigneten beschreibenden Alternativtexte.<\/li>\n<li>Einige Multimedia-Inhalte verf\u00fcgen m\u00f6glicherweise nicht \u00fcber Untertitel oder Audiodeskriptionen.<\/li>\n<\/ul>\n<h3>B. Unverh\u00e4ltnism\u00e4\u00dfige Belastung<\/h3>\n<p>Trifft nicht zu.<\/p>\n<h3>C. Inhalte, die nicht in den Anwendungsbereich der geltenden Gesetzgebung fallen<\/h3>\n<ul>\n<li>Es kann Dokumente im PDF- oder anderen B\u00fcroformaten sowie HTML-Seiten geben, die vor dem 20. September 2018 ver\u00f6ffentlicht wurden und nicht alle Anforderungen an die Barrierefreiheit vollst\u00e4ndig erf\u00fcllen.<\/li>\n<li>Live-Multimedia-Inhalte.<\/li>\n<li>Vorab aufgezeichnete zeitbasierte Multimedia-Inhalte, die vor dem Inkrafttreten des K\u00f6niglichen Erlasses ver\u00f6ffentlicht wurden.<\/li>\n<li>Inhalte Dritter, die nicht vom Rathaus von \u00c1guilas finanziert oder entwickelt wurden (interaktive Karten, Social-Media-Widgets, externe Buchungssysteme usw.).<\/li>\n<li>B\u00fcrodateien, die vor dem 20. September 2018 ver\u00f6ffentlicht wurden.<\/li>\n<\/ul>\n<h2>Erstellung dieser Erkl\u00e4rung zur Barrierefreiheit<\/h2>\n<p>Diese Erkl\u00e4rung wurde am <strong>09.12.2025<\/strong> erstellt.<\/p>\n<p>Die Methode zur Erstellung der Erkl\u00e4rung war eine <strong>Selbstbewertung<\/strong> durch die Organisation selbst, erg\u00e4nzt durch automatisierte Tools zur Analyse der Barrierefreiheit.<\/p>\n<p><strong>Letzte \u00dcberpr\u00fcfung der Erkl\u00e4rung:<\/strong> 09.12.2025.<\/p>\n<h2>Initiativen zur Barrierefreiheit<\/h2>\n<p>Das Rathaus von \u00c1guilas ist bestrebt sicherzustellen, dass seine digitalen Dienste f\u00fcr Menschen mit Behinderungen zug\u00e4nglich sind, und hat erhebliche Ressourcen investiert, um den Zugang f\u00fcr alle Benutzer, einschlie\u00dflich Menschen mit Behinderungen, zu gew\u00e4hrleisten, in der festen \u00dcberzeugung, dass alle Menschen das Recht haben, in W\u00fcrde, Gleichheit, Komfort und Unabh\u00e4ngigkeit zu leben. <\/p>\n<p>Digitale Barrierefreiheit ist nicht nur ein Ziel, das wir erreichen wollen, sondern ein kontinuierliches Engagement, das wir in allen Aspekten unserer digitalen Dienstleistungen verfolgen. Wir sind uns bewusst, dass dies eine kontinuierliche \u00dcberwachung, Verbesserung und Anpassung erfordert. <\/p>\n<h3>Implementierte Tools zur Barrierefreiheit<\/h3>\n<p>Ein Schl\u00fcsselelement unserer Initiative zur Barrierefreiheit ist unsere Zusammenarbeit mit <strong>UserWay<\/strong>, einer externen Beratungsorganisation f\u00fcr Barrierefreiheit, um die Einhaltung der Anforderungen der Website zu unterst\u00fctzen. Zu diesem Zweck verwenden wir branchen\u00fcbliche Methoden und Tools zur Barrierefreiheit in \u00dcbereinstimmung mit den &nbsp;<a href=\"https:\/\/www.w3.org\/TR\/WCAG21\/\" target=\"_blank\" rel=\"noopener\">Richtlinien f\u00fcr barrierefreie Webinhalte (WCAG 2.1 Level AA), die vom World Wide Web Consortium (W3C)<\/a>, der wichtigsten internationalen Standardisierungsorganisation f\u00fcr das Internet, festgelegt wurden.<\/p>\n<p>Das UserWay-Widget zur Barrierefreiheit erm\u00f6glicht es Benutzern:<\/p>\n<ul>\n<li>Anpassen der Textgr\u00f6\u00dfe<\/li>\n<li>\u00c4ndern des Abstands zwischen Zeilen und Buchstaben<\/li>\n<li>Wechsel zu hohem Kontrast<\/li>\n<li>Lesecursor aktivieren<\/li>\n<li>Optimierte Tastaturnavigation verwenden<\/li>\n<li>Und andere Personalisierungsfunktionen<\/li>\n<\/ul>\n<h2>Bemerkungen und Kontaktdaten<\/h2>\n<p>Sie k\u00f6nnen Mitteilungen \u00fcber Anforderungen an die Barrierefreiheit (Artikel 10.2.a des RD 1112\/2018) machen, wie zum Beispiel:<\/p>\n<ul>\n<li>Informationen \u00fcber die m\u00f6gliche Nichteinhaltung durch diese Website<\/li>\n<li>\u00dcbermittlung anderer Schwierigkeiten beim Zugriff auf Inhalte<\/li>\n<li>Formulierung anderer Fragen oder Verbesserungsvorschl\u00e4ge in Bezug auf die Barrierefreiheit der Website<\/li>\n<\/ul>\n<p>Wir sind hier, um Ihnen zu helfen und Ihre Erfahrung so reibungslos und inklusiv wie m\u00f6glich zu gestalten. Wenn Sie Probleme mit der digitalen Barrierefreiheit unserer Produkte oder Dienstleistungen feststellen oder Informationen im Zusammenhang mit der digitalen Barrierefreiheit ben\u00f6tigen, m\u00f6chten wir dies erfahren! Dar\u00fcber hinaus begr\u00fc\u00dfen und akzeptieren wir Ihr Feedback und sind stets bereit, Vorschl\u00e4ge zur Verbesserung unserer Bem\u00fchungen im Bereich der digitalen Barrierefreiheit anzunehmen.  <\/p>\n<h3>Kontaktinformationen<\/h3>\n<p><strong>Fremdenverkehrsamt von \u00c1guilas<\/strong><\/p>\n<ul>\n<li><strong>Adresse:<\/strong> Plaza Antonio Cortijos, s\/n &#8211; 30880 \u00c1guilas (Murcia)<\/li>\n<li><strong>Telefon:<\/strong> <a href=\"tel:+34968493285\">968 493 285<\/a><\/li>\n<li><strong>E-Mail:<\/strong> <a href=\"mailto:turismo@aguilas.es\">turismo@aguilas.es<\/a><\/li>\n<\/ul>\n<p>Die Mitteilungen werden von der f\u00fcr die Barrierefreiheit zust\u00e4ndigen Stelle des Rathauses von \u00c1guilas entgegengenommen und bearbeitet.<\/p>\n<h2>Anwendungsverfahren<\/h2>\n<p>Wenn Sie nach Ablauf einer angemessenen Frist keine angemessene Antwort erhalten oder die Antwort nicht zufriedenstellend ist, k\u00f6nnen Sie eine Beschwerde bei der Generaldirektion f\u00fcr Public Governance \u00fcber das <strong>Beschwerdeformular zum Thema Barrierefreiheit<\/strong> einreichen, das auf der elektronischen Gesch\u00e4ftsstelle des Ministeriums f\u00fcr Wirtschaft und digitale Transformation verf\u00fcgbar ist:<\/p>\n<p><a href=\"https:\/\/www.inclusion.gob.es\" target=\"_blank\" rel=\"noopener\"><b>https:\/\/www.inclusion.gob.es<\/b><\/a><\/p>\n<p><span style=\"color: inherit; font-family: inherit; font-size: inherit; font-weight: inherit; letter-spacing: inherit;\">Oder wenden Sie sich an:<\/span><\/p>\n<p><strong>Generaldirektion f\u00fcr Public Governance<\/strong><br>Ministerium f\u00fcr Finanzen und \u00f6ffentliche Verwaltung<br>Paseo de la Castellana, 3<br>28046 Madrid<\/p>\n<p>Sie k\u00f6nnen auch eine Beschwerde beim <strong>B\u00fcrgerbeauftragten<\/strong> gem\u00e4\u00df Artikel 16 des Organgesetzes 3\/1981 vom 6. April \u00fcber den B\u00fcrgerbeauftragten einreichen.<\/p>\n<hr>\n<p><strong>Datum der letzten Aktualisierung der Website:<\/strong> 09.12.2025<\/p>\n<p>Die Barrierefreiheit der Seiten dieser Website wird vor ihrer Ver\u00f6ffentlichung und in regelm\u00e4\u00dfigen Abst\u00e4nden \u00fcberpr\u00fcft, um die kontinuierliche Einhaltung der Barrierefreiheitsstandards zu gew\u00e4hrleisten.<\/p>\t\t\t\t\t\t\t\t<\/div>\n\t\t\t\t<\/div>\n\t\t\t\t\t<\/div>\n\t\t\t\t<\/div>\n\t\t\t\t<\/div>\n\t\t","protected":false},"excerpt":{"rendered":"<p>Die Reise, die jeder genie\u00dfen kann Home Das Rathaus von \u00c1guilas hat sich verpflichtet, diese Website gem\u00e4\u00df dem K\u00f6niglichen Erlass 1112\/2018 vom 7. September \u00fcber die Barrierefreiheit von Websites und Anwendungen f\u00fcr mobile Ger\u00e4te des \u00f6ffentlichen Sektors zug\u00e4nglich zu machen, wodurch die Richtlinie (EU) 2016\/2102 des Europ\u00e4ischen Parlaments und des Rates umgesetzt wird. Diese Erkl\u00e4rung [&hellip;]<\/p>\n","protected":false},"author":1,"featured_media":7797,"parent":0,"menu_order":0,"comment_status":"closed","ping_status":"closed","template":"","meta":{"footnotes":""},"class_list":["post-7822","page","type-page","status-publish","has-post-thumbnail","hentry"],"yoast_head":"<!-- This site is optimized with the Yoast SEO plugin v26.6 - https:\/\/yoast.com\/wordpress\/plugins\/seo\/ -->\n<title>\u00c1guilas Turismo | Erkl\u00e4rung zur Barrierefreiheit<\/title>\n<meta name=\"description\" content=\"Entdecken Sie die barrierefreien Angebote von \u00c1guilas: Str\u00e4nde, Denkm\u00e4ler und angepasste Dienstleistungen, Beschilderung und Materialien, um allen Besuchern einen angenehmen Aufenthalt zu garantieren.\" \/>\n<meta name=\"robots\" content=\"index, follow, max-snippet:-1, max-image-preview:large, max-video-preview:-1\" \/>\n<link rel=\"canonical\" href=\"https:\/\/aguilas.es\/de\/erklaerung-zur-barrierefreiheit\/\" \/>\n<meta property=\"og:locale\" content=\"de_DE\" \/>\n<meta property=\"og:type\" content=\"article\" \/>\n<meta property=\"og:title\" content=\"\u00c1guilas Turismo | Erkl\u00e4rung zur Barrierefreiheit\" \/>\n<meta property=\"og:description\" content=\"Entdecken Sie die barrierefreien Angebote von \u00c1guilas: Str\u00e4nde, Denkm\u00e4ler und angepasste Dienstleistungen, Beschilderung und Materialien, um allen Besuchern einen angenehmen Aufenthalt zu garantieren.\" \/>\n<meta property=\"og:url\" content=\"https:\/\/aguilas.es\/de\/erklaerung-zur-barrierefreiheit\/\" \/>\n<meta property=\"og:site_name\" content=\"\u00c1guilas Turismo\" \/>\n<meta property=\"article:modified_time\" content=\"2025-12-30T13:11:26+00:00\" \/>\n<meta property=\"og:image\" content=\"https:\/\/aguilas.es\/wp-content\/uploads\/2025\/07\/alateasocialmedia_oficinaturismo-ciudad-000094.jpg\" \/>\n\t<meta property=\"og:image:width\" content=\"1920\" \/>\n\t<meta property=\"og:image:height\" content=\"1438\" \/>\n\t<meta property=\"og:image:type\" content=\"image\/jpeg\" \/>\n<meta name=\"twitter:card\" content=\"summary_large_image\" \/>\n<meta name=\"twitter:label1\" content=\"Gesch\u00e4tzte Lesezeit\" \/>\n\t<meta name=\"twitter:data1\" content=\"4\u00a0Minuten\" \/>\n<script type=\"application\/ld+json\" class=\"yoast-schema-graph\">{\"@context\":\"https:\/\/schema.org\",\"@graph\":[{\"@type\":\"WebPage\",\"@id\":\"https:\/\/aguilas.es\/de\/erklaerung-zur-barrierefreiheit\/\",\"url\":\"https:\/\/aguilas.es\/de\/erklaerung-zur-barrierefreiheit\/\",\"name\":\"\u00c1guilas Turismo | Erkl\u00e4rung zur Barrierefreiheit\",\"isPartOf\":{\"@id\":\"https:\/\/aguilas.es\/de\/#website\"},\"primaryImageOfPage\":{\"@id\":\"https:\/\/aguilas.es\/de\/erklaerung-zur-barrierefreiheit\/#primaryimage\"},\"image\":{\"@id\":\"https:\/\/aguilas.es\/de\/erklaerung-zur-barrierefreiheit\/#primaryimage\"},\"thumbnailUrl\":\"https:\/\/aguilas.es\/wp-content\/uploads\/2025\/07\/alateasocialmedia_oficinaturismo-ciudad-000094.jpg\",\"datePublished\":\"2025-10-02T11:55:26+00:00\",\"dateModified\":\"2025-12-30T13:11:26+00:00\",\"description\":\"Entdecken Sie die barrierefreien Angebote von \u00c1guilas: Str\u00e4nde, Denkm\u00e4ler und angepasste Dienstleistungen, Beschilderung und Materialien, um allen Besuchern einen angenehmen Aufenthalt zu garantieren.\",\"breadcrumb\":{\"@id\":\"https:\/\/aguilas.es\/de\/erklaerung-zur-barrierefreiheit\/#breadcrumb\"},\"inLanguage\":\"de\",\"potentialAction\":[{\"@type\":\"ReadAction\",\"target\":[\"https:\/\/aguilas.es\/de\/erklaerung-zur-barrierefreiheit\/\"]}]},{\"@type\":\"ImageObject\",\"inLanguage\":\"de\",\"@id\":\"https:\/\/aguilas.es\/de\/erklaerung-zur-barrierefreiheit\/#primaryimage\",\"url\":\"https:\/\/aguilas.es\/wp-content\/uploads\/2025\/07\/alateasocialmedia_oficinaturismo-ciudad-000094.jpg\",\"contentUrl\":\"https:\/\/aguilas.es\/wp-content\/uploads\/2025\/07\/alateasocialmedia_oficinaturismo-ciudad-000094.jpg\",\"width\":1920,\"height\":1438,\"caption\":\"\u00c1guilas liebt dich+\"},{\"@type\":\"BreadcrumbList\",\"@id\":\"https:\/\/aguilas.es\/de\/erklaerung-zur-barrierefreiheit\/#breadcrumb\",\"itemListElement\":[{\"@type\":\"ListItem\",\"position\":1,\"name\":\"Portada\",\"item\":\"https:\/\/aguilas.es\/de\/startseite\/\"},{\"@type\":\"ListItem\",\"position\":2,\"name\":\"Erkl\u00e4rung zur Barrierefreiheit\"}]},{\"@type\":\"WebSite\",\"@id\":\"https:\/\/aguilas.es\/de\/#website\",\"url\":\"https:\/\/aguilas.es\/de\/\",\"name\":\"\u00c1guilas Turismo\",\"description\":\"\",\"publisher\":{\"@id\":\"https:\/\/aguilas.es\/de\/#organization\"},\"potentialAction\":[{\"@type\":\"SearchAction\",\"target\":{\"@type\":\"EntryPoint\",\"urlTemplate\":\"https:\/\/aguilas.es\/de\/?s={search_term_string}\"},\"query-input\":{\"@type\":\"PropertyValueSpecification\",\"valueRequired\":true,\"valueName\":\"search_term_string\"}}],\"inLanguage\":\"de\"},{\"@type\":\"Organization\",\"@id\":\"https:\/\/aguilas.es\/de\/#organization\",\"name\":\"\u00c1guilas Turismo\",\"url\":\"https:\/\/aguilas.es\/de\/\",\"logo\":{\"@type\":\"ImageObject\",\"inLanguage\":\"de\",\"@id\":\"https:\/\/aguilas.es\/de\/#\/schema\/logo\/image\/\",\"url\":\"https:\/\/aguilas.es\/wp-content\/uploads\/2025\/04\/Logo-Aguilas-turismo.png\",\"contentUrl\":\"https:\/\/aguilas.es\/wp-content\/uploads\/2025\/04\/Logo-Aguilas-turismo.png\",\"width\":575,\"height\":229,\"caption\":\"\u00c1guilas Turismo\"},\"image\":{\"@id\":\"https:\/\/aguilas.es\/de\/#\/schema\/logo\/image\/\"}}]}<\/script>\n<!-- \/ Yoast SEO plugin. -->","yoast_head_json":{"title":"\u00c1guilas Turismo | Erkl\u00e4rung zur Barrierefreiheit","description":"Entdecken Sie die barrierefreien Angebote von \u00c1guilas: Str\u00e4nde, Denkm\u00e4ler und angepasste Dienstleistungen, Beschilderung und Materialien, um allen Besuchern einen angenehmen Aufenthalt zu garantieren.","robots":{"index":"index","follow":"follow","max-snippet":"max-snippet:-1","max-image-preview":"max-image-preview:large","max-video-preview":"max-video-preview:-1"},"canonical":"https:\/\/aguilas.es\/de\/erklaerung-zur-barrierefreiheit\/","og_locale":"de_DE","og_type":"article","og_title":"\u00c1guilas Turismo | Erkl\u00e4rung zur Barrierefreiheit","og_description":"Entdecken Sie die barrierefreien Angebote von \u00c1guilas: Str\u00e4nde, Denkm\u00e4ler und angepasste Dienstleistungen, Beschilderung und Materialien, um allen Besuchern einen angenehmen Aufenthalt zu garantieren.","og_url":"https:\/\/aguilas.es\/de\/erklaerung-zur-barrierefreiheit\/","og_site_name":"\u00c1guilas Turismo","article_modified_time":"2025-12-30T13:11:26+00:00","og_image":[{"width":1920,"height":1438,"url":"https:\/\/aguilas.es\/wp-content\/uploads\/2025\/07\/alateasocialmedia_oficinaturismo-ciudad-000094.jpg","type":"image\/jpeg"}],"twitter_card":"summary_large_image","twitter_misc":{"Gesch\u00e4tzte Lesezeit":"4\u00a0Minuten"},"schema":{"@context":"https:\/\/schema.org","@graph":[{"@type":"WebPage","@id":"https:\/\/aguilas.es\/de\/erklaerung-zur-barrierefreiheit\/","url":"https:\/\/aguilas.es\/de\/erklaerung-zur-barrierefreiheit\/","name":"\u00c1guilas Turismo | Erkl\u00e4rung zur Barrierefreiheit","isPartOf":{"@id":"https:\/\/aguilas.es\/de\/#website"},"primaryImageOfPage":{"@id":"https:\/\/aguilas.es\/de\/erklaerung-zur-barrierefreiheit\/#primaryimage"},"image":{"@id":"https:\/\/aguilas.es\/de\/erklaerung-zur-barrierefreiheit\/#primaryimage"},"thumbnailUrl":"https:\/\/aguilas.es\/wp-content\/uploads\/2025\/07\/alateasocialmedia_oficinaturismo-ciudad-000094.jpg","datePublished":"2025-10-02T11:55:26+00:00","dateModified":"2025-12-30T13:11:26+00:00","description":"Entdecken Sie die barrierefreien Angebote von \u00c1guilas: Str\u00e4nde, Denkm\u00e4ler und angepasste Dienstleistungen, Beschilderung und Materialien, um allen Besuchern einen angenehmen Aufenthalt zu garantieren.","breadcrumb":{"@id":"https:\/\/aguilas.es\/de\/erklaerung-zur-barrierefreiheit\/#breadcrumb"},"inLanguage":"de","potentialAction":[{"@type":"ReadAction","target":["https:\/\/aguilas.es\/de\/erklaerung-zur-barrierefreiheit\/"]}]},{"@type":"ImageObject","inLanguage":"de","@id":"https:\/\/aguilas.es\/de\/erklaerung-zur-barrierefreiheit\/#primaryimage","url":"https:\/\/aguilas.es\/wp-content\/uploads\/2025\/07\/alateasocialmedia_oficinaturismo-ciudad-000094.jpg","contentUrl":"https:\/\/aguilas.es\/wp-content\/uploads\/2025\/07\/alateasocialmedia_oficinaturismo-ciudad-000094.jpg","width":1920,"height":1438,"caption":"\u00c1guilas liebt dich+"},{"@type":"BreadcrumbList","@id":"https:\/\/aguilas.es\/de\/erklaerung-zur-barrierefreiheit\/#breadcrumb","itemListElement":[{"@type":"ListItem","position":1,"name":"Portada","item":"https:\/\/aguilas.es\/de\/startseite\/"},{"@type":"ListItem","position":2,"name":"Erkl\u00e4rung zur Barrierefreiheit"}]},{"@type":"WebSite","@id":"https:\/\/aguilas.es\/de\/#website","url":"https:\/\/aguilas.es\/de\/","name":"\u00c1guilas Turismo","description":"","publisher":{"@id":"https:\/\/aguilas.es\/de\/#organization"},"potentialAction":[{"@type":"SearchAction","target":{"@type":"EntryPoint","urlTemplate":"https:\/\/aguilas.es\/de\/?s={search_term_string}"},"query-input":{"@type":"PropertyValueSpecification","valueRequired":true,"valueName":"search_term_string"}}],"inLanguage":"de"},{"@type":"Organization","@id":"https:\/\/aguilas.es\/de\/#organization","name":"\u00c1guilas Turismo","url":"https:\/\/aguilas.es\/de\/","logo":{"@type":"ImageObject","inLanguage":"de","@id":"https:\/\/aguilas.es\/de\/#\/schema\/logo\/image\/","url":"https:\/\/aguilas.es\/wp-content\/uploads\/2025\/04\/Logo-Aguilas-turismo.png","contentUrl":"https:\/\/aguilas.es\/wp-content\/uploads\/2025\/04\/Logo-Aguilas-turismo.png","width":575,"height":229,"caption":"\u00c1guilas Turismo"},"image":{"@id":"https:\/\/aguilas.es\/de\/#\/schema\/logo\/image\/"}}]}},"_links":{"self":[{"href":"https:\/\/aguilas.es\/de\/wp-json\/wp\/v2\/pages\/7822","targetHints":{"allow":["GET"]}}],"collection":[{"href":"https:\/\/aguilas.es\/de\/wp-json\/wp\/v2\/pages"}],"about":[{"href":"https:\/\/aguilas.es\/de\/wp-json\/wp\/v2\/types\/page"}],"author":[{"embeddable":true,"href":"https:\/\/aguilas.es\/de\/wp-json\/wp\/v2\/users\/1"}],"replies":[{"embeddable":true,"href":"https:\/\/aguilas.es\/de\/wp-json\/wp\/v2\/comments?post=7822"}],"version-history":[{"count":3,"href":"https:\/\/aguilas.es\/de\/wp-json\/wp\/v2\/pages\/7822\/revisions"}],"predecessor-version":[{"id":7831,"href":"https:\/\/aguilas.es\/de\/wp-json\/wp\/v2\/pages\/7822\/revisions\/7831"}],"wp:featuredmedia":[{"embeddable":true,"href":"https:\/\/aguilas.es\/de\/wp-json\/wp\/v2\/media\/7797"}],"wp:attachment":[{"href":"https:\/\/aguilas.es\/de\/wp-json\/wp\/v2\/media?parent=7822"}],"curies":[{"name":"wp","href":"https:\/\/api.w.org\/{rel}","templated":true}]}}