{"id":7819,"date":"2025-10-02T13:55:26","date_gmt":"2025-10-02T11:55:26","guid":{"rendered":"https:\/\/aguilas.es\/declaration-daccessibilite\/"},"modified":"2025-12-30T14:11:22","modified_gmt":"2025-12-30T13:11:22","slug":"declaration-daccessibilite","status":"publish","type":"page","link":"https:\/\/aguilas.es\/fr\/declaration-daccessibilite\/","title":{"rendered":"D\u00e9claration d&rsquo;accessibilit\u00e9"},"content":{"rendered":"\t\t<div data-elementor-type=\"wp-page\" data-elementor-id=\"7819\" class=\"elementor elementor-7819 elementor-6493\">\n\t\t\t\t<div class=\"porto_stretch_css stretch_row_css elementor-element elementor-element-cec3abb e-flex e-con-boxed e-con e-parent\" data-id=\"cec3abb\" data-element_type=\"container\" data-settings=\"{&quot;background_background&quot;:&quot;classic&quot;}\">\r\n\t\t\t\t\t<div class=\"e-con-inner\">\r\n\t\t<div class=\"elementor-element elementor-element-3db6fbc4 e-con-full e-flex e-con e-child\" data-id=\"3db6fbc4\" data-element_type=\"container\">\r\n\t\t\t\t<div class=\"elementor-element elementor-element-2cb527bb elementor-widget elementor-widget-porto_ultimate_heading\" data-id=\"2cb527bb\" data-element_type=\"widget\" data-widget_type=\"porto_ultimate_heading.default\">\n\t\t\t\t<div class=\"elementor-widget-container\">\n\t\t\t\t\t<div class=\"porto-u-heading  porto-u-ad87e2eaf3f9c495180fe0156ddf3eb0\"><div class=\"porto-u-sub-heading\" style=\"\"><p>Le voyage que tout le monde peut appr\u00e9cier<\/p><\/div><style>.porto-u-ad87e2eaf3f9c495180fe0156ddf3eb0.porto-u-heading{text-align:left}<\/style><\/div>\t\t\t\t<\/div>\n\t\t\t\t<\/div>\n\t\t\t\t<div class=\"elementor-element elementor-element-64389e8d elementor-widget elementor-widget-porto_page_header\" data-id=\"64389e8d\" data-element_type=\"widget\" data-widget_type=\"porto_page_header.default\">\n\t\t\t\t<div class=\"elementor-widget-container\">\n\t\t\t\t\t<div class=\"page-top page-header-6\"><style>.page-top { background: none; border-bottom: none; } .page-top .page-title:not(.b-none):after { display: none; }<\/style><div class=\"container hide-title\">\r\n\t<div class=\"row\">\r\n\t\t<div class=\"col-lg-12 clearfix\">\r\n\t\t\t<div class=\"pt-right d-none\">\r\n\t\t\t\t\t\t\t\t<h1 class=\"page-title\"><\/h1>\r\n\t\t\t\t\t\t\t<\/div>\r\n\t\t\t\t\t\t\t<div class=\"breadcrumbs-wrap pt-left\">\r\n\t\t\t\t\t<ul class=\"breadcrumb\" itemscope itemtype=\"https:\/\/schema.org\/BreadcrumbList\"><li class=\"home\" itemprop=\"itemListElement\" itemscope itemtype=\"https:\/\/schema.org\/ListItem\"><a itemprop=\"item\" href=\"https:\/\/aguilas.es\/fr\/\" title=\"Go to Home Page\"><span itemprop=\"name\">Home<\/span><\/a><meta itemprop=\"position\" content=\"1\" \/><i class=\"delimiter delimiter-2\"><\/i><\/li><\/ul>\t\t\t\t<\/div>\r\n\t\t\t\t\t\t\t\t<\/div>\r\n\t<\/div>\r\n<\/div>\r\n<\/div>\t\t\t\t<\/div>\n\t\t\t\t<\/div>\n\t\t\t\t<\/div>\n\t\t\t\t\t<\/div>\n\t\t\t\t<\/div>\n\t\t<div class=\"elementor-element elementor-element-3e1515d4 e-flex e-con-boxed e-con e-parent\" data-id=\"3e1515d4\" data-element_type=\"container\">\r\n\t\t\t\t\t<div class=\"e-con-inner\">\r\n\t\t\t\t<div class=\"elementor-element elementor-element-27c8af33 elementor-widget elementor-widget-text-editor\" data-id=\"27c8af33\" data-element_type=\"widget\" data-widget_type=\"text-editor.default\">\n\t\t\t\t<div class=\"elementor-widget-container\">\n\t\t\t\t\t\t\t\t\t<p>L&rsquo;<strong>Excmo. Ayuntamiento de \u00c1guilas<\/strong> s&rsquo;engage \u00e0 rendre ce site web accessible conform\u00e9ment au d\u00e9cret royal 1112\/2018 du 7&nbsp;septembre, sur l&rsquo;accessibilit\u00e9 des sites web et des applications pour appareils mobiles du secteur public, qui transpose la directive (UE)&nbsp;2016\/2102 du Parlement europ\u00e9en et du Conseil.<\/p>\n<p>La pr\u00e9sente d\u00e9claration d&rsquo;accessibilit\u00e9 s&rsquo;applique au portail touristique <strong>https:\/\/aguilas.es<\/strong><\/p>\n<h2>Situation de conformit\u00e9<\/h2>\n<p>Ce site web est <strong>partiellement conforme<\/strong> au d\u00e9cret royal 1112\/2018 du 7&nbsp;septembre, en raison des exceptions et du non-respect des aspects indiqu\u00e9s ci-dessous.<\/p>\n<h2>Contenu non accessible<\/h2>\n<p>Le contenu repris ci-dessous n&rsquo;est pas accessible pour les raisons suivantes&nbsp;:<\/p>\n<h3>A. Non-conformit\u00e9 avec le d\u00e9cret royal 1112\/2018<\/h3>\n<ul>\n<li>Il pourrait y avoir des erreurs de modification ponctuelles sur certaines pages web.<\/li>\n<li>Certaines images pourraient ne pas avoir de textes alternatifs descriptifs appropri\u00e9s.<\/li>\n<li>Certains contenus multim\u00e9dias pourraient ne pas avoir de sous-titres ou d&rsquo;audiodescriptions.<\/li>\n<\/ul>\n<h3>B. Charge disproportionn\u00e9e<\/h3>\n<p>Sans objet.<\/p>\n<h3>C. Contenu qui n&rsquo;entre pas dans le champ d&rsquo;application de la l\u00e9gislation applicable<\/h3>\n<ul>\n<li>Il pourrait y avoir des documents en PDF ou dans d&rsquo;autres formats bureautiques, ainsi que des pages en HTML publi\u00e9s avant le 20&nbsp;septembre&nbsp;2018 qui ne r\u00e9pondent pas enti\u00e8rement \u00e0 toutes les exigences d&rsquo;accessibilit\u00e9.<\/li>\n<li>Contenus multim\u00e9dias en direct.<\/li>\n<li>Contenu multim\u00e9dia pr\u00e9enregistr\u00e9 \u00e0 base temporelle publi\u00e9 avant l&rsquo;entr\u00e9e en vigueur du d\u00e9cret royal.<\/li>\n<li>Contenus de tiers non financ\u00e9s ni d\u00e9velopp\u00e9s par la mairie d&rsquo;\u00c1guilas (cartes interactives, widgets de r\u00e9seaux sociaux, syst\u00e8mes de r\u00e9servation externes, etc.).<\/li>\n<li>Fichiers bureautiques publi\u00e9s avant le 20&nbsp;septembre&nbsp;2018.<\/li>\n<\/ul>\n<h2>Pr\u00e9paration de la pr\u00e9sente d\u00e9claration d&rsquo;accessibilit\u00e9<\/h2>\n<p>La pr\u00e9sente d\u00e9claration a \u00e9t\u00e9 pr\u00e9par\u00e9e le <strong>09\/12\/2025<\/strong>.<\/p>\n<p>La m\u00e9thode utilis\u00e9e pour pr\u00e9parer la d\u00e9claration a \u00e9t\u00e9 une <strong>auto-\u00e9valuation<\/strong> r\u00e9alis\u00e9e par l&rsquo;organisme lui-m\u00eame, compl\u00e9t\u00e9e par des outils automatis\u00e9s d&rsquo;analyse de l&rsquo;accessibilit\u00e9.<\/p>\n<p><strong>Derni\u00e8re r\u00e9vision de la d\u00e9claration&nbsp;:<\/strong> 09\/12\/2025.<\/p>\n<h2>Initiatives d&rsquo;accessibilit\u00e9<\/h2>\n<p>La mairie d&rsquo;\u00c1guilas s&rsquo;efforce de garantir que ses services num\u00e9riques soient accessibles aux personnes handicap\u00e9es, a investi d&rsquo;importantes ressources pour aider \u00e0 garantir l&rsquo;acc\u00e8s \u00e0 tous les utilisateurs, y compris les personnes handicap\u00e9es, avec la ferme conviction que chacun a le droit de vivre dans la dignit\u00e9, l&rsquo;\u00e9galit\u00e9, le confort et l&rsquo;ind\u00e9pendance. <\/p>\n<p>L&rsquo;accessibilit\u00e9 num\u00e9rique n&rsquo;est pas seulement un objectif que nous voulons atteindre, mais un engagement continu que nous menons dans tous les aspects de notre prestation de services num\u00e9riques. Nous reconnaissons que cela n\u00e9cessite une surveillance, une am\u00e9lioration et une adaptation continues. <\/p>\n<h3>Outils d&rsquo;accessibilit\u00e9 mis en \u0153uvre<\/h3>\n<p>Un \u00e9l\u00e9ment cl\u00e9 de notre initiative d&rsquo;accessibilit\u00e9 est notre collaboration avec <strong>UserWay<\/strong>, une organisation externe de conseil en accessibilit\u00e9, pour aider le site web \u00e0 r\u00e9pondre aux exigences. Pour ce faire, nous utilisons des m\u00e9thodes et des outils d&rsquo;accessibilit\u00e9 standard du secteur, conform\u00e9ment aux &nbsp;<a href=\"https:\/\/www.w3.org\/TR\/WCAG21\/\" target=\"_blank\" rel=\"noopener\">Directives d&rsquo;accessibilit\u00e9 au contenu web (WCAG&nbsp;2.1 niveau&nbsp;AA) \u00e9tablies par le World Wide Web Consortium (W3C)<\/a>, la principale organisation internationale de normalisation de l&rsquo;Internet.<\/p>\n<p>Le widget d&rsquo;accessibilit\u00e9 UserWay permet aux utilisateurs&nbsp;:<\/p>\n<ul>\n<li>Ajuster la taille du texte<\/li>\n<li>Modifier l&rsquo;espacement entre les lignes et les lettres<\/li>\n<li>Passer \u00e0 un contraste \u00e9lev\u00e9<\/li>\n<li>Activer le curseur de lecture<\/li>\n<li>Utiliser une navigation par clavier optimis\u00e9e<\/li>\n<li>Et d&rsquo;autres fonctionnalit\u00e9s de personnalisation<\/li>\n<\/ul>\n<h2>Observations et coordonn\u00e9es<\/h2>\n<p>Vous pouvez faire part de vos observations sur les exigences d&rsquo;accessibilit\u00e9 (article&nbsp;10.2.a du d\u00e9cret royal 1112\/2018), par exemple&nbsp;:<\/p>\n<ul>\n<li>Signaler le non-respect \u00e9ventuel de ce site web<\/li>\n<li>Transmettre d&rsquo;autres difficult\u00e9s d&rsquo;acc\u00e8s au contenu<\/li>\n<li>Formuler toute autre question ou suggestion d&rsquo;am\u00e9lioration relative \u00e0 l&rsquo;accessibilit\u00e9 du site web<\/li>\n<\/ul>\n<p>Nous sommes l\u00e0 pour vous aider et rendre votre exp\u00e9rience aussi fluide et inclusive que possible. Si vous rencontrez un probl\u00e8me d&rsquo;accessibilit\u00e9 num\u00e9rique avec nos produits ou services, ou si vous avez besoin d&rsquo;informations relatives \u00e0 l&rsquo;accessibilit\u00e9 num\u00e9rique, nous voulons le savoir&nbsp;! De plus, nous appr\u00e9cions et acceptons volontiers vos commentaires, et nous sommes toujours pr\u00eats \u00e0 accepter des suggestions pour am\u00e9liorer nos efforts en mati\u00e8re d&rsquo;accessibilit\u00e9 num\u00e9rique.  <\/p>\n<h3>Coordonn\u00e9es<\/h3>\n<p><strong>Office de tourisme d&rsquo;\u00c1guilas<\/strong><\/p>\n<ul>\n<li><strong>Adresse&nbsp;:<\/strong> Plaza Antonio Cortijos, s\/n &#8211; 30880&nbsp;\u00c1guilas (Murcie)<\/li>\n<li><strong>T\u00e9l\u00e9phone&nbsp;:<\/strong> <a href=\"tel:+34968493285\">968&nbsp;493&nbsp;285<\/a><\/li>\n<li><strong>Courriel&nbsp;:<\/strong> <a href=\"mailto:turismo@aguilas.es\">turismo@aguilas.es<\/a><\/li>\n<\/ul>\n<p>Les communications seront re\u00e7ues et trait\u00e9es par l&rsquo;unit\u00e9 responsable de l&rsquo;accessibilit\u00e9 de la mairie d&rsquo;\u00c1guilas.<\/p>\n<h2>Proc\u00e9dure d&rsquo;application<\/h2>\n<p>Si, apr\u00e8s un d\u00e9lai raisonnable, vous n&rsquo;obtenez pas de r\u00e9ponse appropri\u00e9e, ou si la r\u00e9ponse n&rsquo;est pas satisfaisante, vous pouvez d\u00e9poser une r\u00e9clamation aupr\u00e8s de la Direction g\u00e9n\u00e9rale de la gouvernance publique, via le <strong>Formulaire de r\u00e9clamation en mati\u00e8re d&rsquo;accessibilit\u00e9<\/strong> disponible sur le si\u00e8ge \u00e9lectronique du minist\u00e8re des Affaires \u00e9conomiques et de la Transformation num\u00e9rique&nbsp;:<\/p>\n<p><a href=\"https:\/\/www.inclusion.gob.es\" target=\"_blank\" rel=\"noopener\"><b>https:\/\/www.inclusion.gob.es<\/b><\/a><\/p>\n<p><span style=\"color: inherit; font-family: inherit; font-size: inherit; font-weight: inherit; letter-spacing: inherit;\">Ou vous adresser \u00e0&nbsp;:<\/span><\/p>\n<p><strong>Direcci\u00f3n General de Gobernanza P\u00fablica<\/strong><br>Ministerio de Hacienda y Funci\u00f3n P\u00fablica<br>Paseo de la Castellana, 3<br>28046&nbsp;Madrid<\/p>\n<p>Vous pouvez \u00e9galement d\u00e9poser une plainte ou une r\u00e9clamation aupr\u00e8s du <strong>Defensor del Pueblo<\/strong>, conform\u00e9ment aux dispositions de l&rsquo;article&nbsp;16 de la loi organique&nbsp;3\/1981 du 6&nbsp;avril, r\u00e9glementant le Defensor del Pueblo.<\/p>\n<hr>\n<p><strong>Date de derni\u00e8re mise \u00e0 jour du site web&nbsp;:<\/strong> 09\/12\/2025<\/p>\n<p>L&rsquo;accessibilit\u00e9 des pages de ce site est v\u00e9rifi\u00e9e avant sa publication et p\u00e9riodiquement pour garantir le respect continu des normes d&rsquo;accessibilit\u00e9.<\/p>\t\t\t\t\t\t\t\t<\/div>\n\t\t\t\t<\/div>\n\t\t\t\t\t<\/div>\n\t\t\t\t<\/div>\n\t\t\t\t<\/div>\n\t\t","protected":false},"excerpt":{"rendered":"<p>Le voyage que tout le monde peut appr\u00e9cier Home L&rsquo;Excmo. Ayuntamiento de \u00c1guilas s&rsquo;engage \u00e0 rendre ce site web accessible conform\u00e9ment au d\u00e9cret royal 1112\/2018 du 7&nbsp;septembre, sur l&rsquo;accessibilit\u00e9 des sites web et des applications pour appareils mobiles du secteur public, qui transpose la directive (UE)&nbsp;2016\/2102 du Parlement europ\u00e9en et du Conseil. La pr\u00e9sente d\u00e9claration [&hellip;]<\/p>\n","protected":false},"author":1,"featured_media":7788,"parent":0,"menu_order":0,"comment_status":"closed","ping_status":"closed","template":"","meta":{"footnotes":""},"class_list":["post-7819","page","type-page","status-publish","has-post-thumbnail","hentry"],"yoast_head":"<!-- This site is optimized with the Yoast SEO plugin v26.6 - https:\/\/yoast.com\/wordpress\/plugins\/seo\/ -->\n<title>\u00c1guilas Turismo | D\u00e9claration d&#039;accessibilit\u00e9<\/title>\n<meta name=\"description\" content=\"D\u00e9couvrez les ressources accessibles d&#039;\u00c1guilas\u00a0: plages, monuments et services adapt\u00e9s, signalisation et mat\u00e9riel pour garantir une visite confortable \u00e0 tous.\" \/>\n<meta name=\"robots\" content=\"index, follow, max-snippet:-1, max-image-preview:large, max-video-preview:-1\" \/>\n<link rel=\"canonical\" href=\"https:\/\/aguilas.es\/fr\/declaration-daccessibilite\/\" \/>\n<meta property=\"og:locale\" content=\"fr_FR\" \/>\n<meta property=\"og:type\" content=\"article\" \/>\n<meta property=\"og:title\" content=\"\u00c1guilas Turismo | D\u00e9claration d&#039;accessibilit\u00e9\" \/>\n<meta property=\"og:description\" content=\"D\u00e9couvrez les ressources accessibles d&#039;\u00c1guilas\u00a0: plages, monuments et services adapt\u00e9s, signalisation et mat\u00e9riel pour garantir une visite confortable \u00e0 tous.\" \/>\n<meta property=\"og:url\" content=\"https:\/\/aguilas.es\/fr\/declaration-daccessibilite\/\" \/>\n<meta property=\"og:site_name\" content=\"\u00c1guilas Turismo\" \/>\n<meta property=\"article:modified_time\" content=\"2025-12-30T13:11:22+00:00\" \/>\n<meta property=\"og:image\" content=\"https:\/\/aguilas.es\/wp-content\/uploads\/2025\/07\/alateasocialmedia_oficinaturismo-ciudad-000094.jpg\" \/>\n\t<meta property=\"og:image:width\" content=\"1920\" \/>\n\t<meta property=\"og:image:height\" content=\"1438\" \/>\n\t<meta property=\"og:image:type\" content=\"image\/jpeg\" \/>\n<meta name=\"twitter:card\" content=\"summary_large_image\" \/>\n<meta name=\"twitter:label1\" content=\"Dur\u00e9e de lecture estim\u00e9e\" \/>\n\t<meta name=\"twitter:data1\" content=\"5 minutes\" \/>\n<script type=\"application\/ld+json\" class=\"yoast-schema-graph\">{\"@context\":\"https:\/\/schema.org\",\"@graph\":[{\"@type\":\"WebPage\",\"@id\":\"https:\/\/aguilas.es\/fr\/declaration-daccessibilite\/\",\"url\":\"https:\/\/aguilas.es\/fr\/declaration-daccessibilite\/\",\"name\":\"\u00c1guilas Turismo | D\u00e9claration d'accessibilit\u00e9\",\"isPartOf\":{\"@id\":\"https:\/\/aguilas.es\/fr\/#website\"},\"primaryImageOfPage\":{\"@id\":\"https:\/\/aguilas.es\/fr\/declaration-daccessibilite\/#primaryimage\"},\"image\":{\"@id\":\"https:\/\/aguilas.es\/fr\/declaration-daccessibilite\/#primaryimage\"},\"thumbnailUrl\":\"https:\/\/aguilas.es\/wp-content\/uploads\/2025\/07\/alateasocialmedia_oficinaturismo-ciudad-000094.jpg\",\"datePublished\":\"2025-10-02T11:55:26+00:00\",\"dateModified\":\"2025-12-30T13:11:22+00:00\",\"description\":\"D\u00e9couvrez les ressources accessibles d'\u00c1guilas\u00a0: plages, monuments et services adapt\u00e9s, signalisation et mat\u00e9riel pour garantir une visite confortable \u00e0 tous.\",\"breadcrumb\":{\"@id\":\"https:\/\/aguilas.es\/fr\/declaration-daccessibilite\/#breadcrumb\"},\"inLanguage\":\"fr-FR\",\"potentialAction\":[{\"@type\":\"ReadAction\",\"target\":[\"https:\/\/aguilas.es\/fr\/declaration-daccessibilite\/\"]}]},{\"@type\":\"ImageObject\",\"inLanguage\":\"fr-FR\",\"@id\":\"https:\/\/aguilas.es\/fr\/declaration-daccessibilite\/#primaryimage\",\"url\":\"https:\/\/aguilas.es\/wp-content\/uploads\/2025\/07\/alateasocialmedia_oficinaturismo-ciudad-000094.jpg\",\"contentUrl\":\"https:\/\/aguilas.es\/wp-content\/uploads\/2025\/07\/alateasocialmedia_oficinaturismo-ciudad-000094.jpg\",\"width\":1920,\"height\":1438,\"caption\":\"\u00c1guilas t\u2019aime +\"},{\"@type\":\"BreadcrumbList\",\"@id\":\"https:\/\/aguilas.es\/fr\/declaration-daccessibilite\/#breadcrumb\",\"itemListElement\":[{\"@type\":\"ListItem\",\"position\":1,\"name\":\"Portada\",\"item\":\"https:\/\/aguilas.es\/fr\/accueil\/\"},{\"@type\":\"ListItem\",\"position\":2,\"name\":\"D\u00e9claration d&rsquo;accessibilit\u00e9\"}]},{\"@type\":\"WebSite\",\"@id\":\"https:\/\/aguilas.es\/fr\/#website\",\"url\":\"https:\/\/aguilas.es\/fr\/\",\"name\":\"\u00c1guilas Turismo\",\"description\":\"\",\"publisher\":{\"@id\":\"https:\/\/aguilas.es\/fr\/#organization\"},\"potentialAction\":[{\"@type\":\"SearchAction\",\"target\":{\"@type\":\"EntryPoint\",\"urlTemplate\":\"https:\/\/aguilas.es\/fr\/?s={search_term_string}\"},\"query-input\":{\"@type\":\"PropertyValueSpecification\",\"valueRequired\":true,\"valueName\":\"search_term_string\"}}],\"inLanguage\":\"fr-FR\"},{\"@type\":\"Organization\",\"@id\":\"https:\/\/aguilas.es\/fr\/#organization\",\"name\":\"\u00c1guilas Turismo\",\"url\":\"https:\/\/aguilas.es\/fr\/\",\"logo\":{\"@type\":\"ImageObject\",\"inLanguage\":\"fr-FR\",\"@id\":\"https:\/\/aguilas.es\/fr\/#\/schema\/logo\/image\/\",\"url\":\"https:\/\/aguilas.es\/wp-content\/uploads\/2025\/04\/Logo-Aguilas-turismo.png\",\"contentUrl\":\"https:\/\/aguilas.es\/wp-content\/uploads\/2025\/04\/Logo-Aguilas-turismo.png\",\"width\":575,\"height\":229,\"caption\":\"\u00c1guilas Turismo\"},\"image\":{\"@id\":\"https:\/\/aguilas.es\/fr\/#\/schema\/logo\/image\/\"}}]}<\/script>\n<!-- \/ Yoast SEO plugin. -->","yoast_head_json":{"title":"\u00c1guilas Turismo | D\u00e9claration d'accessibilit\u00e9","description":"D\u00e9couvrez les ressources accessibles d'\u00c1guilas\u00a0: plages, monuments et services adapt\u00e9s, signalisation et mat\u00e9riel pour garantir une visite confortable \u00e0 tous.","robots":{"index":"index","follow":"follow","max-snippet":"max-snippet:-1","max-image-preview":"max-image-preview:large","max-video-preview":"max-video-preview:-1"},"canonical":"https:\/\/aguilas.es\/fr\/declaration-daccessibilite\/","og_locale":"fr_FR","og_type":"article","og_title":"\u00c1guilas Turismo | D\u00e9claration d'accessibilit\u00e9","og_description":"D\u00e9couvrez les ressources accessibles d'\u00c1guilas\u00a0: plages, monuments et services adapt\u00e9s, signalisation et mat\u00e9riel pour garantir une visite confortable \u00e0 tous.","og_url":"https:\/\/aguilas.es\/fr\/declaration-daccessibilite\/","og_site_name":"\u00c1guilas Turismo","article_modified_time":"2025-12-30T13:11:22+00:00","og_image":[{"width":1920,"height":1438,"url":"https:\/\/aguilas.es\/wp-content\/uploads\/2025\/07\/alateasocialmedia_oficinaturismo-ciudad-000094.jpg","type":"image\/jpeg"}],"twitter_card":"summary_large_image","twitter_misc":{"Dur\u00e9e de lecture estim\u00e9e":"5 minutes"},"schema":{"@context":"https:\/\/schema.org","@graph":[{"@type":"WebPage","@id":"https:\/\/aguilas.es\/fr\/declaration-daccessibilite\/","url":"https:\/\/aguilas.es\/fr\/declaration-daccessibilite\/","name":"\u00c1guilas Turismo | D\u00e9claration d'accessibilit\u00e9","isPartOf":{"@id":"https:\/\/aguilas.es\/fr\/#website"},"primaryImageOfPage":{"@id":"https:\/\/aguilas.es\/fr\/declaration-daccessibilite\/#primaryimage"},"image":{"@id":"https:\/\/aguilas.es\/fr\/declaration-daccessibilite\/#primaryimage"},"thumbnailUrl":"https:\/\/aguilas.es\/wp-content\/uploads\/2025\/07\/alateasocialmedia_oficinaturismo-ciudad-000094.jpg","datePublished":"2025-10-02T11:55:26+00:00","dateModified":"2025-12-30T13:11:22+00:00","description":"D\u00e9couvrez les ressources accessibles d'\u00c1guilas\u00a0: plages, monuments et services adapt\u00e9s, signalisation et mat\u00e9riel pour garantir une visite confortable \u00e0 tous.","breadcrumb":{"@id":"https:\/\/aguilas.es\/fr\/declaration-daccessibilite\/#breadcrumb"},"inLanguage":"fr-FR","potentialAction":[{"@type":"ReadAction","target":["https:\/\/aguilas.es\/fr\/declaration-daccessibilite\/"]}]},{"@type":"ImageObject","inLanguage":"fr-FR","@id":"https:\/\/aguilas.es\/fr\/declaration-daccessibilite\/#primaryimage","url":"https:\/\/aguilas.es\/wp-content\/uploads\/2025\/07\/alateasocialmedia_oficinaturismo-ciudad-000094.jpg","contentUrl":"https:\/\/aguilas.es\/wp-content\/uploads\/2025\/07\/alateasocialmedia_oficinaturismo-ciudad-000094.jpg","width":1920,"height":1438,"caption":"\u00c1guilas t\u2019aime +"},{"@type":"BreadcrumbList","@id":"https:\/\/aguilas.es\/fr\/declaration-daccessibilite\/#breadcrumb","itemListElement":[{"@type":"ListItem","position":1,"name":"Portada","item":"https:\/\/aguilas.es\/fr\/accueil\/"},{"@type":"ListItem","position":2,"name":"D\u00e9claration d&rsquo;accessibilit\u00e9"}]},{"@type":"WebSite","@id":"https:\/\/aguilas.es\/fr\/#website","url":"https:\/\/aguilas.es\/fr\/","name":"\u00c1guilas Turismo","description":"","publisher":{"@id":"https:\/\/aguilas.es\/fr\/#organization"},"potentialAction":[{"@type":"SearchAction","target":{"@type":"EntryPoint","urlTemplate":"https:\/\/aguilas.es\/fr\/?s={search_term_string}"},"query-input":{"@type":"PropertyValueSpecification","valueRequired":true,"valueName":"search_term_string"}}],"inLanguage":"fr-FR"},{"@type":"Organization","@id":"https:\/\/aguilas.es\/fr\/#organization","name":"\u00c1guilas Turismo","url":"https:\/\/aguilas.es\/fr\/","logo":{"@type":"ImageObject","inLanguage":"fr-FR","@id":"https:\/\/aguilas.es\/fr\/#\/schema\/logo\/image\/","url":"https:\/\/aguilas.es\/wp-content\/uploads\/2025\/04\/Logo-Aguilas-turismo.png","contentUrl":"https:\/\/aguilas.es\/wp-content\/uploads\/2025\/04\/Logo-Aguilas-turismo.png","width":575,"height":229,"caption":"\u00c1guilas Turismo"},"image":{"@id":"https:\/\/aguilas.es\/fr\/#\/schema\/logo\/image\/"}}]}},"_links":{"self":[{"href":"https:\/\/aguilas.es\/fr\/wp-json\/wp\/v2\/pages\/7819","targetHints":{"allow":["GET"]}}],"collection":[{"href":"https:\/\/aguilas.es\/fr\/wp-json\/wp\/v2\/pages"}],"about":[{"href":"https:\/\/aguilas.es\/fr\/wp-json\/wp\/v2\/types\/page"}],"author":[{"embeddable":true,"href":"https:\/\/aguilas.es\/fr\/wp-json\/wp\/v2\/users\/1"}],"replies":[{"embeddable":true,"href":"https:\/\/aguilas.es\/fr\/wp-json\/wp\/v2\/comments?post=7819"}],"version-history":[{"count":3,"href":"https:\/\/aguilas.es\/fr\/wp-json\/wp\/v2\/pages\/7819\/revisions"}],"predecessor-version":[{"id":7826,"href":"https:\/\/aguilas.es\/fr\/wp-json\/wp\/v2\/pages\/7819\/revisions\/7826"}],"wp:featuredmedia":[{"embeddable":true,"href":"https:\/\/aguilas.es\/fr\/wp-json\/wp\/v2\/media\/7788"}],"wp:attachment":[{"href":"https:\/\/aguilas.es\/fr\/wp-json\/wp\/v2\/media?parent=7819"}],"curies":[{"name":"wp","href":"https:\/\/api.w.org\/{rel}","templated":true}]}}