{"id":8228,"date":"2025-04-03T16:15:57","date_gmt":"2025-04-03T14:15:57","guid":{"rendered":"https:\/\/aguilas.es\/histoire\/"},"modified":"2026-02-23T11:16:56","modified_gmt":"2026-02-23T10:16:56","slug":"histoire","status":"publish","type":"page","link":"https:\/\/aguilas.es\/fr\/decouvrez-aguilas\/histoire\/","title":{"rendered":"Histoire"},"content":{"rendered":"\t\t<div data-elementor-type=\"wp-page\" data-elementor-id=\"8228\" class=\"elementor elementor-8228 elementor-3536\">\n\t\t\t\t<div class=\"porto_stretch_css stretch_row_css elementor-element elementor-element-32a0790c e-flex e-con-boxed e-con e-parent\" data-id=\"32a0790c\" data-element_type=\"container\" data-settings=\"{&quot;background_background&quot;:&quot;classic&quot;}\">\r\n\t\t\t\t\t<div class=\"e-con-inner\">\r\n\t\t<div class=\"elementor-element elementor-element-4813e376 e-con-full e-flex e-con e-child\" data-id=\"4813e376\" data-element_type=\"container\">\r\n\t\t\t\t<div class=\"elementor-element elementor-element-73640ff4 elementor-widget elementor-widget-porto_ultimate_heading\" data-id=\"73640ff4\" data-element_type=\"widget\" data-widget_type=\"porto_ultimate_heading.default\">\n\t\t\t\t<div class=\"elementor-widget-container\">\n\t\t\t\t\t<div class=\"porto-u-heading  porto-u-ad87e2eaf3f9c495180fe0156ddf3eb0\"><div class=\"porto-u-sub-heading\" style=\"\"><p>\u00c1guilas, un coin o\u00f9 la brise raconte des histoires et o\u00f9 l'horizon ne finit jamais<\/p><\/div><style>.porto-u-ad87e2eaf3f9c495180fe0156ddf3eb0.porto-u-heading{text-align:left}<\/style><\/div>\t\t\t\t<\/div>\n\t\t\t\t<\/div>\n\t\t\t\t<div class=\"elementor-element elementor-element-1ae41f3c elementor-widget elementor-widget-porto_page_header\" data-id=\"1ae41f3c\" data-element_type=\"widget\" data-widget_type=\"porto_page_header.default\">\n\t\t\t\t<div class=\"elementor-widget-container\">\n\t\t\t\t\t<div class=\"page-top page-header-6\"><style>.page-top { background: none; border-bottom: none; } .page-top .page-title:not(.b-none):after { display: none; }<\/style><div class=\"container hide-title\">\r\n\t<div class=\"row\">\r\n\t\t<div class=\"col-lg-12 clearfix\">\r\n\t\t\t<div class=\"pt-right d-none\">\r\n\t\t\t\t\t\t\t\t<h1 class=\"page-title\"><\/h1>\r\n\t\t\t\t\t\t\t<\/div>\r\n\t\t\t\t\t\t\t<div class=\"breadcrumbs-wrap pt-left\">\r\n\t\t\t\t\t<ul class=\"breadcrumb\" itemscope itemtype=\"https:\/\/schema.org\/BreadcrumbList\"><li class=\"home\" itemprop=\"itemListElement\" itemscope itemtype=\"https:\/\/schema.org\/ListItem\"><a itemprop=\"item\" href=\"https:\/\/aguilas.es\/fr\/\" title=\"Go to Home Page\"><span itemprop=\"name\">Home<\/span><\/a><meta itemprop=\"position\" content=\"1\" \/><i class=\"delimiter delimiter-2\"><\/i><\/li><\/ul>\t\t\t\t<\/div>\r\n\t\t\t\t\t\t\t\t<\/div>\r\n\t<\/div>\r\n<\/div>\r\n<\/div>\t\t\t\t<\/div>\n\t\t\t\t<\/div>\n\t\t\t\t<\/div>\n\t\t\t\t\t<\/div>\n\t\t\t\t<\/div>\n\t\t<div class=\"elementor-element elementor-element-295234b e-flex e-con-boxed e-con e-parent\" data-id=\"295234b\" data-element_type=\"container\">\r\n\t\t\t\t\t<div class=\"e-con-inner\">\r\n\t\t\t\t<div class=\"elementor-element elementor-element-f8e365a elementor-widget elementor-widget-image-gallery\" data-id=\"f8e365a\" data-element_type=\"widget\" data-widget_type=\"image-gallery.default\">\n\t\t\t\t<div class=\"elementor-widget-container\">\n\t\t\t\t\t\t\t<div class=\"elementor-image-gallery\">\n\t\t\t<div id='gallery-1' class='gallery galleryid-8228 gallery-columns-4 gallery-size-medium'><figure class='gallery-item'>\n\t\t\t<div class='gallery-icon landscape'>\n\t\t\t\t<a data-elementor-open-lightbox=\"yes\" data-elementor-lightbox-slideshow=\"f8e365a\" data-elementor-lightbox-title=\"ALATES_1.jpg\" data-e-action-hash=\"#elementor-action%3Aaction%3Dlightbox%26settings%3DeyJpZCI6ODMzNCwidXJsIjoiaHR0cHM6XC9cL2FndWlsYXMuZXNcL3dwLWNvbnRlbnRcL3VwbG9hZHNcLzIwMjVcLzA3XC9BTEFURVNfMS5qcGciLCJzbGlkZXNob3ciOiJmOGUzNjVhIn0%3D\" href='https:\/\/aguilas.es\/wp-content\/uploads\/2025\/07\/ALATES_1.jpg'><img fetchpriority=\"high\" decoding=\"async\" width=\"300\" height=\"200\" src=\"https:\/\/aguilas.es\/wp-content\/uploads\/2025\/07\/ALATES_1-300x200.jpg\" class=\"attachment-medium size-medium\" alt=\"\" aria-describedby=\"gallery-1-8334\" \/><\/a>\n\t\t\t<\/div>\n\t\t\t\t<figcaption class='wp-caption-text gallery-caption' id='gallery-1-8334'>\n\t\t\t\tCh\u00e2teau San Juan de las \u00c1guilas\n\t\t\t\t<\/figcaption><\/figure><figure class='gallery-item'>\n\t\t\t<div class='gallery-icon landscape'>\n\t\t\t\t<a data-elementor-open-lightbox=\"yes\" data-elementor-lightbox-slideshow=\"f8e365a\" data-elementor-lightbox-title=\"Aguilas-FITUR-2025-8.jpg\" data-e-action-hash=\"#elementor-action%3Aaction%3Dlightbox%26settings%3DeyJpZCI6ODMzNSwidXJsIjoiaHR0cHM6XC9cL2FndWlsYXMuZXNcL3dwLWNvbnRlbnRcL3VwbG9hZHNcLzIwMjVcLzA3XC9BZ3VpbGFzLUZJVFVSLTIwMjUtOC5qcGciLCJzbGlkZXNob3ciOiJmOGUzNjVhIn0%3D\" href='https:\/\/aguilas.es\/wp-content\/uploads\/2025\/07\/Aguilas-FITUR-2025-8.jpg'><img decoding=\"async\" width=\"300\" height=\"201\" src=\"https:\/\/aguilas.es\/wp-content\/uploads\/2025\/07\/Aguilas-FITUR-2025-8-300x201.jpg\" class=\"attachment-medium size-medium\" alt=\"\" aria-describedby=\"gallery-1-8335\" \/><\/a>\n\t\t\t<\/div>\n\t\t\t\t<figcaption class='wp-caption-text gallery-caption' id='gallery-1-8335'>\n\t\t\t\tPlages de r\u00eave : Ensenada de la Fuente\n\t\t\t\t<\/figcaption><\/figure><figure class='gallery-item'>\n\t\t\t<div class='gallery-icon landscape'>\n\t\t\t\t<a data-elementor-open-lightbox=\"yes\" data-elementor-lightbox-slideshow=\"f8e365a\" data-elementor-lightbox-title=\"alateasocialmedia_oficinaturismo-gastronomia-000026\" data-e-action-hash=\"#elementor-action%3Aaction%3Dlightbox%26settings%3DeyJpZCI6ODI1MCwidXJsIjoiaHR0cHM6XC9cL2FndWlsYXMuZXNcL3dwLWNvbnRlbnRcL3VwbG9hZHNcLzIwMjVcLzA3XC9hbGF0ZWFzb2NpYWxtZWRpYV9vZmljaW5hdHVyaXNtby1nYXN0cm9ub21pYS0wMDAwMjYuanBnIiwic2xpZGVzaG93IjoiZjhlMzY1YSJ9\" href='https:\/\/aguilas.es\/wp-content\/uploads\/2025\/07\/alateasocialmedia_oficinaturismo-gastronomia-000026.jpg'><img decoding=\"async\" width=\"300\" height=\"199\" src=\"https:\/\/aguilas.es\/wp-content\/uploads\/2025\/07\/alateasocialmedia_oficinaturismo-gastronomia-000026-300x199.jpg\" class=\"attachment-medium size-medium\" alt=\"\" aria-describedby=\"gallery-1-8250\" \/><\/a>\n\t\t\t<\/div>\n\t\t\t\t<figcaption class='wp-caption-text gallery-caption' id='gallery-1-8250'>\n\t\t\t\tSavourez \u00c1guilas : Gamba Roja\n\t\t\t\t<\/figcaption><\/figure><figure class='gallery-item'>\n\t\t\t<div class='gallery-icon landscape'>\n\t\t\t\t<a data-elementor-open-lightbox=\"yes\" data-elementor-lightbox-slideshow=\"f8e365a\" data-elementor-lightbox-title=\"alateasocialmedia_oficinaturismo-carnaval2025-000058\" data-e-action-hash=\"#elementor-action%3Aaction%3Dlightbox%26settings%3DeyJpZCI6ODMxMCwidXJsIjoiaHR0cHM6XC9cL2FndWlsYXMuZXNcL3dwLWNvbnRlbnRcL3VwbG9hZHNcLzIwMjVcLzA3XC9hbGF0ZWFzb2NpYWxtZWRpYV9vZmljaW5hdHVyaXNtby1jYXJuYXZhbDIwMjUtMDAwMDU4LmpwZyIsInNsaWRlc2hvdyI6ImY4ZTM2NWEifQ%3D%3D\" href='https:\/\/aguilas.es\/wp-content\/uploads\/2025\/07\/alateasocialmedia_oficinaturismo-carnaval2025-000058.jpg'><img loading=\"lazy\" decoding=\"async\" width=\"300\" height=\"203\" src=\"https:\/\/aguilas.es\/wp-content\/uploads\/2025\/07\/alateasocialmedia_oficinaturismo-carnaval2025-000058-300x203.jpg\" class=\"attachment-medium size-medium\" alt=\"\" aria-describedby=\"gallery-1-8310\" \/><\/a>\n\t\t\t<\/div>\n\t\t\t\t<figcaption class='wp-caption-text gallery-caption' id='gallery-1-8310'>\n\t\t\t\tCarnaval d&rsquo;\u00c1guilas\n\t\t\t\t<\/figcaption><\/figure><figure class='gallery-item'>\n\t\t\t<div class='gallery-icon landscape'>\n\t\t\t\t<a data-elementor-open-lightbox=\"yes\" data-elementor-lightbox-slideshow=\"f8e365a\" data-elementor-lightbox-title=\"alateasocialmedia_oficinaturismo-monumentos-000067\" data-e-action-hash=\"#elementor-action%3Aaction%3Dlightbox%26settings%3DeyJpZCI6ODMxOSwidXJsIjoiaHR0cHM6XC9cL2FndWlsYXMuZXNcL3dwLWNvbnRlbnRcL3VwbG9hZHNcLzIwMjVcLzA3XC9hbGF0ZWFzb2NpYWxtZWRpYV9vZmljaW5hdHVyaXNtby1tb251bWVudG9zLTAwMDA2Ny0xLmpwZyIsInNsaWRlc2hvdyI6ImY4ZTM2NWEifQ%3D%3D\" href='https:\/\/aguilas.es\/wp-content\/uploads\/2025\/07\/alateasocialmedia_oficinaturismo-monumentos-000067-1.jpg'><img loading=\"lazy\" decoding=\"async\" width=\"300\" height=\"200\" src=\"https:\/\/aguilas.es\/wp-content\/uploads\/2025\/07\/alateasocialmedia_oficinaturismo-monumentos-000067-1-300x200.jpg\" class=\"attachment-medium size-medium\" alt=\"\" aria-describedby=\"gallery-1-8319\" \/><\/a>\n\t\t\t<\/div>\n\t\t\t\t<figcaption class='wp-caption-text gallery-caption' id='gallery-1-8319'>\n\t\t\t\tMonument Francisco Rabal\n\t\t\t\t<\/figcaption><\/figure><figure class='gallery-item'>\n\t\t\t<div class='gallery-icon landscape'>\n\t\t\t\t<a data-elementor-open-lightbox=\"yes\" data-elementor-lightbox-slideshow=\"f8e365a\" data-elementor-lightbox-title=\"alateasocialmedia_oficinaturismo-campo-000006\" data-e-action-hash=\"#elementor-action%3Aaction%3Dlightbox%26settings%3DeyJpZCI6ODMyMCwidXJsIjoiaHR0cHM6XC9cL2FndWlsYXMuZXNcL3dwLWNvbnRlbnRcL3VwbG9hZHNcLzIwMjVcLzA3XC9hbGF0ZWFzb2NpYWxtZWRpYV9vZmljaW5hdHVyaXNtby1jYW1wby0wMDAwMDYuanBnIiwic2xpZGVzaG93IjoiZjhlMzY1YSJ9\" href='https:\/\/aguilas.es\/wp-content\/uploads\/2025\/07\/alateasocialmedia_oficinaturismo-campo-000006.jpg'><img loading=\"lazy\" decoding=\"async\" width=\"300\" height=\"200\" src=\"https:\/\/aguilas.es\/wp-content\/uploads\/2025\/07\/alateasocialmedia_oficinaturismo-campo-000006-300x200.jpg\" class=\"attachment-medium size-medium\" alt=\"\" aria-describedby=\"gallery-1-8320\" \/><\/a>\n\t\t\t<\/div>\n\t\t\t\t<figcaption class='wp-caption-text gallery-caption' id='gallery-1-8320'>\n\t\t\t\tPaysages dor\u00e9s dans les champs d&rsquo;\u00c1guilas\n\t\t\t\t<\/figcaption><\/figure><figure class='gallery-item'>\n\t\t\t<div class='gallery-icon landscape'>\n\t\t\t\t<a data-elementor-open-lightbox=\"yes\" data-elementor-lightbox-slideshow=\"f8e365a\" data-elementor-lightbox-title=\"alateasocialmedia_oficinaturismo-monumentos-000010\" data-e-action-hash=\"#elementor-action%3Aaction%3Dlightbox%26settings%3DeyJpZCI6ODMxNiwidXJsIjoiaHR0cHM6XC9cL2FndWlsYXMuZXNcL3dwLWNvbnRlbnRcL3VwbG9hZHNcLzIwMjVcLzA3XC9hbGF0ZWFzb2NpYWxtZWRpYV9vZmljaW5hdHVyaXNtby1tb251bWVudG9zLTAwMDAxMC5qcGciLCJzbGlkZXNob3ciOiJmOGUzNjVhIn0%3D\" href='https:\/\/aguilas.es\/wp-content\/uploads\/2025\/07\/alateasocialmedia_oficinaturismo-monumentos-000010.jpg'><img loading=\"lazy\" decoding=\"async\" width=\"300\" height=\"195\" src=\"https:\/\/aguilas.es\/wp-content\/uploads\/2025\/07\/alateasocialmedia_oficinaturismo-monumentos-000010-300x195.jpg\" class=\"attachment-medium size-medium\" alt=\"\" aria-describedby=\"gallery-1-8316\" \/><\/a>\n\t\t\t<\/div>\n\t\t\t\t<figcaption class='wp-caption-text gallery-caption' id='gallery-1-8316'>\n\t\t\t\tTunnel mus\u00e9ifi\u00e9 Embarcadero del Hornillo\n\t\t\t\t<\/figcaption><\/figure><figure class='gallery-item'>\n\t\t\t<div class='gallery-icon landscape'>\n\t\t\t\t<a data-elementor-open-lightbox=\"yes\" data-elementor-lightbox-slideshow=\"f8e365a\" data-elementor-lightbox-title=\"alateasocialmedia_oficinaturismo-monumentos-000001\" data-e-action-hash=\"#elementor-action%3Aaction%3Dlightbox%26settings%3DeyJpZCI6ODMxNSwidXJsIjoiaHR0cHM6XC9cL2FndWlsYXMuZXNcL3dwLWNvbnRlbnRcL3VwbG9hZHNcLzIwMjVcLzA3XC9hbGF0ZWFzb2NpYWxtZWRpYV9vZmljaW5hdHVyaXNtby1tb251bWVudG9zLTAwMDAwMS5qcGciLCJzbGlkZXNob3ciOiJmOGUzNjVhIn0%3D\" href='https:\/\/aguilas.es\/wp-content\/uploads\/2025\/07\/alateasocialmedia_oficinaturismo-monumentos-000001.jpg'><img loading=\"lazy\" decoding=\"async\" width=\"300\" height=\"200\" src=\"https:\/\/aguilas.es\/wp-content\/uploads\/2025\/07\/alateasocialmedia_oficinaturismo-monumentos-000001-300x200.jpg\" class=\"attachment-medium size-medium\" alt=\"\" aria-describedby=\"gallery-1-8315\" \/><\/a>\n\t\t\t<\/div>\n\t\t\t\t<figcaption class='wp-caption-text gallery-caption' id='gallery-1-8315'>\n\t\t\t\tPhare de Punta Negra\n\t\t\t\t<\/figcaption><\/figure>\n\t\t<\/div>\n\t\t<\/div>\n\t\t\t\t\t\t<\/div>\n\t\t\t\t<\/div>\n\t\t\t\t<div class=\"elementor-element elementor-element-f51d14c elementor-widget elementor-widget-text-editor\" data-id=\"f51d14c\" data-element_type=\"widget\" data-widget_type=\"text-editor.default\">\n\t\t\t\t<div class=\"elementor-widget-container\">\n\t\t\t\t\t\t\t\t\t<p>\u00c1guilas, une ville \u00e0 l&rsquo;histoire mill\u00e9naire, est n\u00e9e \u00e0 la fin du XVIIIe si\u00e8cle, durant le R\u00e9formisme des Lumi\u00e8res. Ses racines remontent \u00e0 la pr\u00e9histoire, avec des d\u00e9couvertes d&rsquo;outils n\u00e9olithiques et de peintures rupestres \u00e0 Cabo Cope. Elle fut habit\u00e9e par des Ib\u00e8res, des Ph\u00e9niciens, des Grecs et des Romains, laissant un riche patrimoine arch\u00e9ologique, notamment de l&rsquo;\u00e9poque romaine, lorsqu&rsquo;elle \u00e9tait connue sous le nom d&rsquo;Urci, avec une importante activit\u00e9 commerciale et de production de mets d\u00e9licats comme le garum.  <\/p><p>Ensuite, les Arabes occup\u00e8rent ces terres, laissant des vestiges de leur pr\u00e9sence dans la r\u00e9gion. La ville moderne commen\u00e7a \u00e0 se former \u00e0 partir du XVIe si\u00e8cle, avec la construction de tours d\u00e9fensives et du Ch\u00e2teau de San Juan de las \u00c1guilas. En 1766, gr\u00e2ce \u00e0 l&rsquo;initiative du Comte d&rsquo;Aranda, \u00c1guilas fut officiellement fond\u00e9e en tant que municipalit\u00e9 ind\u00e9pendante, se d\u00e9veloppant rapidement gr\u00e2ce \u00e0 son port, son agriculture et son commerce maritime.  <\/p><p>Au XIXe si\u00e8cle, l&rsquo;exploitation mini\u00e8re a dynamis\u00e9 son \u00e9conomie, avec l&rsquo;extraction de min\u00e9raux et le d\u00e9veloppement de chemins de fer et de ports. Cet essor a \u00e9galement entra\u00een\u00e9 un renouveau culturel, avec des th\u00e9\u00e2tres, des soci\u00e9t\u00e9s et des publications qui ont marqu\u00e9 son identit\u00e9. Aujourd&rsquo;hui, \u00c1guilas combine son histoire mill\u00e9naire avec un patrimoine culturel et naturel vibrant, une destination pleine d&rsquo;histoire et de charme !  <\/p>\t\t\t\t\t\t\t\t<\/div>\n\t\t\t\t<\/div>\n\t\t\t\t\t<\/div>\n\t\t\t\t<\/div>\n\t\t<div class=\"elementor-element elementor-element-2e8a052 e-flex e-con-boxed e-con e-parent\" data-id=\"2e8a052\" data-element_type=\"container\">\r\n\t\t\t\t\t<div class=\"e-con-inner\">\r\n\t\t\t\t<div class=\"elementor-element elementor-element-3998ecd elementor-widget elementor-widget-image-gallery\" data-id=\"3998ecd\" data-element_type=\"widget\" data-widget_type=\"image-gallery.default\">\n\t\t\t\t<div class=\"elementor-widget-container\">\n\t\t\t\t\t\t\t<div class=\"elementor-image-gallery\">\n\t\t\t<div id='gallery-2' class='gallery galleryid-8228 gallery-columns-4 gallery-size-medium'><figure class='gallery-item'>\n\t\t\t<div class='gallery-icon landscape'>\n\t\t\t\t<a data-elementor-open-lightbox=\"yes\" data-elementor-lightbox-slideshow=\"3998ecd\" data-elementor-lightbox-title=\"alateasocialmedia_oficinaturismo-ciudad-000094\" data-e-action-hash=\"#elementor-action%3Aaction%3Dlightbox%26settings%3DeyJpZCI6Nzc4OCwidXJsIjoiaHR0cHM6XC9cL2FndWlsYXMuZXNcL3dwLWNvbnRlbnRcL3VwbG9hZHNcLzIwMjVcLzA3XC9hbGF0ZWFzb2NpYWxtZWRpYV9vZmljaW5hdHVyaXNtby1jaXVkYWQtMDAwMDk0LmpwZyIsInNsaWRlc2hvdyI6IjM5OThlY2QifQ%3D%3D\" href='https:\/\/aguilas.es\/wp-content\/uploads\/2025\/07\/alateasocialmedia_oficinaturismo-ciudad-000094.jpg'><img loading=\"lazy\" decoding=\"async\" width=\"300\" height=\"225\" src=\"https:\/\/aguilas.es\/wp-content\/uploads\/2025\/07\/alateasocialmedia_oficinaturismo-ciudad-000094-300x225.jpg\" class=\"attachment-medium size-medium\" alt=\"\" aria-describedby=\"gallery-2-7788\" \/><\/a>\n\t\t\t<\/div>\n\t\t\t\t<figcaption class='wp-caption-text gallery-caption' id='gallery-2-7788'>\n\t\t\t\t\u00c1guilas t\u2019aime +\n\t\t\t\t<\/figcaption><\/figure><figure class='gallery-item'>\n\t\t\t<div class='gallery-icon landscape'>\n\t\t\t\t<a data-elementor-open-lightbox=\"yes\" data-elementor-lightbox-slideshow=\"3998ecd\" data-elementor-lightbox-title=\"alateasocialmedia_oficinaturismo-playas-000033\" data-e-action-hash=\"#elementor-action%3Aaction%3Dlightbox%26settings%3DeyJpZCI6ODMzNiwidXJsIjoiaHR0cHM6XC9cL2FndWlsYXMuZXNcL3dwLWNvbnRlbnRcL3VwbG9hZHNcLzIwMjVcLzA3XC9hbGF0ZWFzb2NpYWxtZWRpYV9vZmljaW5hdHVyaXNtby1wbGF5YXMtMDAwMDMzLmpwZyIsInNsaWRlc2hvdyI6IjM5OThlY2QifQ%3D%3D\" href='https:\/\/aguilas.es\/wp-content\/uploads\/2025\/07\/alateasocialmedia_oficinaturismo-playas-000033.jpg'><img loading=\"lazy\" decoding=\"async\" width=\"300\" height=\"225\" src=\"https:\/\/aguilas.es\/wp-content\/uploads\/2025\/07\/alateasocialmedia_oficinaturismo-playas-000033-300x225.jpg\" class=\"attachment-medium size-medium\" alt=\"\" aria-describedby=\"gallery-2-8336\" \/><\/a>\n\t\t\t<\/div>\n\t\t\t\t<figcaption class='wp-caption-text gallery-caption' id='gallery-2-8336'>\n\t\t\t\tPlages de r\u00eave : Los Cocedores\n\t\t\t\t<\/figcaption><\/figure><figure class='gallery-item'>\n\t\t\t<div class='gallery-icon landscape'>\n\t\t\t\t<a data-elementor-open-lightbox=\"yes\" data-elementor-lightbox-slideshow=\"3998ecd\" data-elementor-lightbox-title=\"default\" data-e-action-hash=\"#elementor-action%3Aaction%3Dlightbox%26settings%3DeyJpZCI6ODMzNywidXJsIjoiaHR0cHM6XC9cL2FndWlsYXMuZXNcL3dwLWNvbnRlbnRcL3VwbG9hZHNcLzIwMjVcLzA3XC9hbGF0ZWFzb2NpYWxtZWRpYV9vZmljaW5hdHVyaXNtby1tb251bWVudG9zLTAwMDA2Ni5qcGciLCJzbGlkZXNob3ciOiIzOTk4ZWNkIn0%3D\" href='https:\/\/aguilas.es\/wp-content\/uploads\/2025\/07\/alateasocialmedia_oficinaturismo-monumentos-000066.jpg'><img loading=\"lazy\" decoding=\"async\" width=\"300\" height=\"225\" src=\"https:\/\/aguilas.es\/wp-content\/uploads\/2025\/07\/alateasocialmedia_oficinaturismo-monumentos-000066-300x225.jpg\" class=\"attachment-medium size-medium\" alt=\"\" aria-describedby=\"gallery-2-8337\" \/><\/a>\n\t\t\t<\/div>\n\t\t\t\t<figcaption class='wp-caption-text gallery-caption' id='gallery-2-8337'>\n\t\t\t\tTorre de Cope\n\t\t\t\t<\/figcaption><\/figure><figure class='gallery-item'>\n\t\t\t<div class='gallery-icon landscape'>\n\t\t\t\t<a data-elementor-open-lightbox=\"yes\" data-elementor-lightbox-slideshow=\"3998ecd\" data-elementor-lightbox-title=\"132.jpg\" data-e-action-hash=\"#elementor-action%3Aaction%3Dlightbox%26settings%3DeyJpZCI6ODMzOCwidXJsIjoiaHR0cHM6XC9cL2FndWlsYXMuZXNcL3dwLWNvbnRlbnRcL3VwbG9hZHNcLzIwMjVcLzA3XC8xMzIuanBnIiwic2xpZGVzaG93IjoiMzk5OGVjZCJ9\" href='https:\/\/aguilas.es\/wp-content\/uploads\/2025\/07\/132.jpg'><img loading=\"lazy\" decoding=\"async\" width=\"300\" height=\"225\" src=\"https:\/\/aguilas.es\/wp-content\/uploads\/2025\/07\/132-300x225.jpg\" class=\"attachment-medium size-medium\" alt=\"\" aria-describedby=\"gallery-2-8338\" \/><\/a>\n\t\t\t<\/div>\n\t\t\t\t<figcaption class='wp-caption-text gallery-caption' id='gallery-2-8338'>\n\t\t\t\t\u00c1guilas, un monde sous la mer\n\t\t\t\t<\/figcaption><\/figure>\n\t\t<\/div>\n\t\t<\/div>\n\t\t\t\t\t\t<\/div>\n\t\t\t\t<\/div>\n\t\t\t\t<div class=\"elementor-element elementor-element-80ec79e elementor-widget elementor-widget-text-editor\" data-id=\"80ec79e\" data-element_type=\"widget\" data-widget_type=\"text-editor.default\">\n\t\t\t\t<div class=\"elementor-widget-container\">\n\t\t\t\t\t\t\t\t\t<p data-start=\"137\" data-end=\"459\">D\u00e9couvrir \u00c1guilas, c&rsquo;est s&rsquo;aventurer dans un coin de la M\u00e9diterran\u00e9e o\u00f9 le soleil brille plus de 300 jours par an et o\u00f9 la mer murmure d&rsquo;anciennes histoires entre des criques cach\u00e9es et des plages de sable dor\u00e9. Ce joyau du littoral murcien combine nature, histoire et tradition avec une \u00e9nergie vibrante qui invite \u00e0 l&rsquo;explorer sans se presser. <\/p><p data-start=\"461\" data-end=\"879\">De l&rsquo;imposant ch\u00e2teau de San Juan de las \u00c1guilas, qui veille sur l&rsquo;horizon depuis les hauteurs, \u00e0 l&rsquo;anim\u00e9 Paseo de Parra, chaque pas r\u00e9v\u00e8le une merveille distincte. Les amoureux de la nature peuvent se perdre sur les sentiers du Parc R\u00e9gional de Cabo Cope et Puntas de Calnegre, tandis que ceux qui pr\u00e9f\u00e8rent la mer disposent d&rsquo;un large \u00e9ventail de plages, 36 au choix, certaines sauvages, d&rsquo;autres familiales, mais toutes magiques. <\/p><p data-start=\"881\" data-end=\"1164\">\u00c1guilas, c&rsquo;est aussi de la couleur et de la f\u00eate : son Carnaval, d\u00e9clar\u00e9 d&rsquo;int\u00e9r\u00eat touristique international, est une explosion de joie qui transforme la ville. La gastronomie locale, avec sa tradition de p\u00eache, son riz \u00e0 banda et ses douceurs typiques, conquiert tous les palais avec la saveur authentique du sud. <\/p><p data-start=\"1166\" data-end=\"1420\">Que tu viennes p\u00e9daler au bord de la mer, te plonger dans ses eaux cristallines, ou simplement te laisser emporter par la tranquillit\u00e9 du paysage, <strong>\u00c1guilas a toujours quelque chose \u00e0 t&rsquo;offrir.<\/strong><br data-start=\"1341\" data-end=\"1344\">Une destination avec une \u00e2me, o\u00f9 chaque lever de soleil est une promesse de nouvelles \u00e9motions.<\/p>\t\t\t\t\t\t\t\t<\/div>\n\t\t\t\t<\/div>\n\t\t\t\t\t<\/div>\n\t\t\t\t<\/div>\n\t\t\t\t<\/div>\n\t\t","protected":false},"excerpt":{"rendered":"<p>\u00c1guilas, un coin o\u00f9 la brise raconte des histoires et o\u00f9 l&rsquo;horizon ne finit jamais Home Castillo San Juan de las \u00c1guilas Playas de ensue\u00f1o: Ensenada de la Fuente Saborea \u00c1guilas: Gamba Roja Carnaval de \u00c1guilas Monumento Francisco Rabal Paisajes dorados en los campos de \u00c1guilas T\u00fanel musealizado Embarcadero del Hornillo Faro de Punta Negra [&hellip;]<\/p>\n","protected":false},"author":1,"featured_media":8229,"parent":8468,"menu_order":0,"comment_status":"closed","ping_status":"closed","template":"","meta":{"footnotes":""},"class_list":["post-8228","page","type-page","status-publish","has-post-thumbnail","hentry"],"yoast_head":"<!-- This site is optimized with the Yoast SEO plugin v26.6 - https:\/\/yoast.com\/wordpress\/plugins\/seo\/ -->\n<title>\u00c1guilas Turismo | Histoire<\/title>\n<meta name=\"description\" content=\"D\u00e9couvrez l&#039;histoire d&#039;\u00c1guilas, de son importance historique \u00e0 ses paysages, plages et monuments qui vous laisseront emporter.\" \/>\n<meta name=\"robots\" content=\"index, follow, max-snippet:-1, max-image-preview:large, max-video-preview:-1\" \/>\n<link rel=\"canonical\" href=\"https:\/\/aguilas.es\/fr\/decouvrez-aguilas\/histoire\/\" \/>\n<meta property=\"og:locale\" content=\"fr_FR\" \/>\n<meta property=\"og:type\" content=\"article\" \/>\n<meta property=\"og:title\" content=\"\u00c1guilas Turismo | Histoire\" \/>\n<meta property=\"og:description\" content=\"D\u00e9couvrez l&#039;histoire d&#039;\u00c1guilas, de son importance historique \u00e0 ses paysages, plages et monuments qui vous laisseront emporter.\" \/>\n<meta property=\"og:url\" content=\"https:\/\/aguilas.es\/fr\/decouvrez-aguilas\/histoire\/\" \/>\n<meta property=\"og:site_name\" content=\"\u00c1guilas Turismo\" \/>\n<meta property=\"article:modified_time\" content=\"2026-02-23T10:16:56+00:00\" \/>\n<meta property=\"og:image\" content=\"https:\/\/aguilas.es\/wp-content\/uploads\/2025\/07\/alateasocialmedia_oficinaturismo-monumentos-000016.jpg\" \/>\n\t<meta property=\"og:image:width\" content=\"1920\" \/>\n\t<meta property=\"og:image:height\" content=\"1145\" \/>\n\t<meta property=\"og:image:type\" content=\"image\/jpeg\" \/>\n<meta name=\"twitter:card\" content=\"summary_large_image\" \/>\n<meta name=\"twitter:label1\" content=\"Dur\u00e9e de lecture estim\u00e9e\" \/>\n\t<meta name=\"twitter:data1\" content=\"3 minutes\" \/>\n<script type=\"application\/ld+json\" class=\"yoast-schema-graph\">{\"@context\":\"https:\/\/schema.org\",\"@graph\":[{\"@type\":\"WebPage\",\"@id\":\"https:\/\/aguilas.es\/fr\/decouvrez-aguilas\/histoire\/\",\"url\":\"https:\/\/aguilas.es\/fr\/decouvrez-aguilas\/histoire\/\",\"name\":\"\u00c1guilas Turismo | Histoire\",\"isPartOf\":{\"@id\":\"https:\/\/aguilas.es\/fr\/#website\"},\"primaryImageOfPage\":{\"@id\":\"https:\/\/aguilas.es\/fr\/decouvrez-aguilas\/histoire\/#primaryimage\"},\"image\":{\"@id\":\"https:\/\/aguilas.es\/fr\/decouvrez-aguilas\/histoire\/#primaryimage\"},\"thumbnailUrl\":\"https:\/\/aguilas.es\/wp-content\/uploads\/2025\/07\/alateasocialmedia_oficinaturismo-monumentos-000016.jpg\",\"datePublished\":\"2025-04-03T14:15:57+00:00\",\"dateModified\":\"2026-02-23T10:16:56+00:00\",\"description\":\"D\u00e9couvrez l'histoire d'\u00c1guilas, de son importance historique \u00e0 ses paysages, plages et monuments qui vous laisseront emporter.\",\"breadcrumb\":{\"@id\":\"https:\/\/aguilas.es\/fr\/decouvrez-aguilas\/histoire\/#breadcrumb\"},\"inLanguage\":\"fr-FR\",\"potentialAction\":[{\"@type\":\"ReadAction\",\"target\":[\"https:\/\/aguilas.es\/fr\/decouvrez-aguilas\/histoire\/\"]}]},{\"@type\":\"ImageObject\",\"inLanguage\":\"fr-FR\",\"@id\":\"https:\/\/aguilas.es\/fr\/decouvrez-aguilas\/histoire\/#primaryimage\",\"url\":\"https:\/\/aguilas.es\/wp-content\/uploads\/2025\/07\/alateasocialmedia_oficinaturismo-monumentos-000016.jpg\",\"contentUrl\":\"https:\/\/aguilas.es\/wp-content\/uploads\/2025\/07\/alateasocialmedia_oficinaturismo-monumentos-000016.jpg\",\"width\":1920,\"height\":1145},{\"@type\":\"BreadcrumbList\",\"@id\":\"https:\/\/aguilas.es\/fr\/decouvrez-aguilas\/histoire\/#breadcrumb\",\"itemListElement\":[{\"@type\":\"ListItem\",\"position\":1,\"name\":\"Portada\",\"item\":\"https:\/\/aguilas.es\/fr\/accueil\/\"},{\"@type\":\"ListItem\",\"position\":2,\"name\":\"D\u00e9couvrez \u00c1guilas\",\"item\":\"https:\/\/aguilas.es\/fr\/decouvrez-aguilas\/\"},{\"@type\":\"ListItem\",\"position\":3,\"name\":\"Histoire\"}]},{\"@type\":\"WebSite\",\"@id\":\"https:\/\/aguilas.es\/fr\/#website\",\"url\":\"https:\/\/aguilas.es\/fr\/\",\"name\":\"\u00c1guilas Turismo\",\"description\":\"\",\"publisher\":{\"@id\":\"https:\/\/aguilas.es\/fr\/#organization\"},\"potentialAction\":[{\"@type\":\"SearchAction\",\"target\":{\"@type\":\"EntryPoint\",\"urlTemplate\":\"https:\/\/aguilas.es\/fr\/?s={search_term_string}\"},\"query-input\":{\"@type\":\"PropertyValueSpecification\",\"valueRequired\":true,\"valueName\":\"search_term_string\"}}],\"inLanguage\":\"fr-FR\"},{\"@type\":\"Organization\",\"@id\":\"https:\/\/aguilas.es\/fr\/#organization\",\"name\":\"\u00c1guilas Turismo\",\"url\":\"https:\/\/aguilas.es\/fr\/\",\"logo\":{\"@type\":\"ImageObject\",\"inLanguage\":\"fr-FR\",\"@id\":\"https:\/\/aguilas.es\/fr\/#\/schema\/logo\/image\/\",\"url\":\"https:\/\/aguilas.es\/wp-content\/uploads\/2025\/04\/Logo-Aguilas-turismo.png\",\"contentUrl\":\"https:\/\/aguilas.es\/wp-content\/uploads\/2025\/04\/Logo-Aguilas-turismo.png\",\"width\":575,\"height\":229,\"caption\":\"\u00c1guilas Turismo\"},\"image\":{\"@id\":\"https:\/\/aguilas.es\/fr\/#\/schema\/logo\/image\/\"}}]}<\/script>\n<!-- \/ Yoast SEO plugin. -->","yoast_head_json":{"title":"\u00c1guilas Turismo | Histoire","description":"D\u00e9couvrez l'histoire d'\u00c1guilas, de son importance historique \u00e0 ses paysages, plages et monuments qui vous laisseront emporter.","robots":{"index":"index","follow":"follow","max-snippet":"max-snippet:-1","max-image-preview":"max-image-preview:large","max-video-preview":"max-video-preview:-1"},"canonical":"https:\/\/aguilas.es\/fr\/decouvrez-aguilas\/histoire\/","og_locale":"fr_FR","og_type":"article","og_title":"\u00c1guilas Turismo | Histoire","og_description":"D\u00e9couvrez l'histoire d'\u00c1guilas, de son importance historique \u00e0 ses paysages, plages et monuments qui vous laisseront emporter.","og_url":"https:\/\/aguilas.es\/fr\/decouvrez-aguilas\/histoire\/","og_site_name":"\u00c1guilas Turismo","article_modified_time":"2026-02-23T10:16:56+00:00","og_image":[{"width":1920,"height":1145,"url":"https:\/\/aguilas.es\/wp-content\/uploads\/2025\/07\/alateasocialmedia_oficinaturismo-monumentos-000016.jpg","type":"image\/jpeg"}],"twitter_card":"summary_large_image","twitter_misc":{"Dur\u00e9e de lecture estim\u00e9e":"3 minutes"},"schema":{"@context":"https:\/\/schema.org","@graph":[{"@type":"WebPage","@id":"https:\/\/aguilas.es\/fr\/decouvrez-aguilas\/histoire\/","url":"https:\/\/aguilas.es\/fr\/decouvrez-aguilas\/histoire\/","name":"\u00c1guilas Turismo | Histoire","isPartOf":{"@id":"https:\/\/aguilas.es\/fr\/#website"},"primaryImageOfPage":{"@id":"https:\/\/aguilas.es\/fr\/decouvrez-aguilas\/histoire\/#primaryimage"},"image":{"@id":"https:\/\/aguilas.es\/fr\/decouvrez-aguilas\/histoire\/#primaryimage"},"thumbnailUrl":"https:\/\/aguilas.es\/wp-content\/uploads\/2025\/07\/alateasocialmedia_oficinaturismo-monumentos-000016.jpg","datePublished":"2025-04-03T14:15:57+00:00","dateModified":"2026-02-23T10:16:56+00:00","description":"D\u00e9couvrez l'histoire d'\u00c1guilas, de son importance historique \u00e0 ses paysages, plages et monuments qui vous laisseront emporter.","breadcrumb":{"@id":"https:\/\/aguilas.es\/fr\/decouvrez-aguilas\/histoire\/#breadcrumb"},"inLanguage":"fr-FR","potentialAction":[{"@type":"ReadAction","target":["https:\/\/aguilas.es\/fr\/decouvrez-aguilas\/histoire\/"]}]},{"@type":"ImageObject","inLanguage":"fr-FR","@id":"https:\/\/aguilas.es\/fr\/decouvrez-aguilas\/histoire\/#primaryimage","url":"https:\/\/aguilas.es\/wp-content\/uploads\/2025\/07\/alateasocialmedia_oficinaturismo-monumentos-000016.jpg","contentUrl":"https:\/\/aguilas.es\/wp-content\/uploads\/2025\/07\/alateasocialmedia_oficinaturismo-monumentos-000016.jpg","width":1920,"height":1145},{"@type":"BreadcrumbList","@id":"https:\/\/aguilas.es\/fr\/decouvrez-aguilas\/histoire\/#breadcrumb","itemListElement":[{"@type":"ListItem","position":1,"name":"Portada","item":"https:\/\/aguilas.es\/fr\/accueil\/"},{"@type":"ListItem","position":2,"name":"D\u00e9couvrez \u00c1guilas","item":"https:\/\/aguilas.es\/fr\/decouvrez-aguilas\/"},{"@type":"ListItem","position":3,"name":"Histoire"}]},{"@type":"WebSite","@id":"https:\/\/aguilas.es\/fr\/#website","url":"https:\/\/aguilas.es\/fr\/","name":"\u00c1guilas Turismo","description":"","publisher":{"@id":"https:\/\/aguilas.es\/fr\/#organization"},"potentialAction":[{"@type":"SearchAction","target":{"@type":"EntryPoint","urlTemplate":"https:\/\/aguilas.es\/fr\/?s={search_term_string}"},"query-input":{"@type":"PropertyValueSpecification","valueRequired":true,"valueName":"search_term_string"}}],"inLanguage":"fr-FR"},{"@type":"Organization","@id":"https:\/\/aguilas.es\/fr\/#organization","name":"\u00c1guilas Turismo","url":"https:\/\/aguilas.es\/fr\/","logo":{"@type":"ImageObject","inLanguage":"fr-FR","@id":"https:\/\/aguilas.es\/fr\/#\/schema\/logo\/image\/","url":"https:\/\/aguilas.es\/wp-content\/uploads\/2025\/04\/Logo-Aguilas-turismo.png","contentUrl":"https:\/\/aguilas.es\/wp-content\/uploads\/2025\/04\/Logo-Aguilas-turismo.png","width":575,"height":229,"caption":"\u00c1guilas Turismo"},"image":{"@id":"https:\/\/aguilas.es\/fr\/#\/schema\/logo\/image\/"}}]}},"_links":{"self":[{"href":"https:\/\/aguilas.es\/fr\/wp-json\/wp\/v2\/pages\/8228","targetHints":{"allow":["GET"]}}],"collection":[{"href":"https:\/\/aguilas.es\/fr\/wp-json\/wp\/v2\/pages"}],"about":[{"href":"https:\/\/aguilas.es\/fr\/wp-json\/wp\/v2\/types\/page"}],"author":[{"embeddable":true,"href":"https:\/\/aguilas.es\/fr\/wp-json\/wp\/v2\/users\/1"}],"replies":[{"embeddable":true,"href":"https:\/\/aguilas.es\/fr\/wp-json\/wp\/v2\/comments?post=8228"}],"version-history":[{"count":5,"href":"https:\/\/aguilas.es\/fr\/wp-json\/wp\/v2\/pages\/8228\/revisions"}],"predecessor-version":[{"id":10697,"href":"https:\/\/aguilas.es\/fr\/wp-json\/wp\/v2\/pages\/8228\/revisions\/10697"}],"up":[{"embeddable":true,"href":"https:\/\/aguilas.es\/fr\/wp-json\/wp\/v2\/pages\/8468"}],"wp:featuredmedia":[{"embeddable":true,"href":"https:\/\/aguilas.es\/fr\/wp-json\/wp\/v2\/media\/8229"}],"wp:attachment":[{"href":"https:\/\/aguilas.es\/fr\/wp-json\/wp\/v2\/media?parent=8228"}],"curies":[{"name":"wp","href":"https:\/\/api.w.org\/{rel}","templated":true}]}}